{"id":5535,"date":"2017-06-22T19:21:56","date_gmt":"2017-06-22T19:21:56","guid":{"rendered":"http:\/\/creativebox.pt\/claudiomarques\/?page_id=5535"},"modified":"2020-11-12T22:08:00","modified_gmt":"2020-11-12T22:08:00","slug":"equipamento","status":"publish","type":"page","link":"http:\/\/creativebox.pt\/claudiomarques\/equipamento\/","title":{"rendered":"Equipamento"},"content":{"rendered":"\n<!-- Facebook Like Button Vivacity Infotech BEGIN -->\n<div class=\"fb-like\" data-href=\"http:\/\/creativebox.pt\/claudiomarques\/equipamento\/\" data-layout=\"standard\" data-action=\"like\" data-show-faces=\"false\" data-size=\"small\" data-width=\"450\" data-share=\"\" ><\/div>\n<!-- Facebook Like Button Vivacity Infotech END -->\n<div id=\"themify_builder_content-5535\" data-postid=\"5535\" class=\"themify_builder_content themify_builder_content-5535 themify_builder\">\n    \t<!-- module_row -->\n\t<div   class=\"themify_builder_row module_row clearfix module_row_0 themify_builder_5535_row module_row_5535-0 tb_47xz520\">\n\t    \t    <div class=\"row_inner col_align_top gutter-none\" >\n\t\t\t<div  class=\"module_column tb-column col4-1 first tb_5535_column module_column_0 module_column_5535-0-0 tb_sp0a577\" >\n\t    \t    \t        <div class=\"tb-column-inner\">\n\t\t        <!-- module image -->\n    <div  class=\"module module-image tb_1pod070  image-top  \">\n\t                <div class=\"image-wrap\">\n                            <img loading=\"lazy\" decoding=\"async\" width=\"2500\" height=\"2096\" src=\"http:\/\/creativebox.pt\/claudiomarques\/wp-content\/uploads\/sites\/7\/2019\/01\/a7.jpg\" class=\" wp-post-image wp-image-5849\" alt=\"\" srcset=\"http:\/\/creativebox.pt\/claudiomarques\/wp-content\/uploads\/sites\/7\/2019\/01\/a7.jpg 2500w, http:\/\/creativebox.pt\/claudiomarques\/wp-content\/uploads\/sites\/7\/2019\/01\/a7-300x252.jpg 300w, http:\/\/creativebox.pt\/claudiomarques\/wp-content\/uploads\/sites\/7\/2019\/01\/a7-768x644.jpg 768w, http:\/\/creativebox.pt\/claudiomarques\/wp-content\/uploads\/sites\/7\/2019\/01\/a7-1024x859.jpg 1024w\" sizes=\"auto, (max-width: 2500px) 100vw, 2500px\" \/>            \n                        <\/div>\n            <!-- \/image-wrap -->\n        \n        \n        <\/div>\n    <!-- \/module image -->\n<!-- module text -->\n<div  class=\"module module-text tb_eegg086    \">\n            <div  class=\"tb_text_wrap\">\n    <p style=\"text-align: center;\"><strong>Sony A7 III<\/strong><\/p><ul><li>Full Frame Mirrorless Camera<\/li><li>Advanced 24.2MP Sensor<\/li><li class=\"top-section-list-item\">4K video and 15-stop dynamic range<\/li><\/ul>    <\/div>\n<\/div>\n<!-- \/module text -->\n    <!-- module buttons -->\n    <div  class=\"module module-buttons tb_f953427 normal solid rounded  \">\n\t        \t<div class=\"module-buttons\">\n                            <div class=\"module-buttons-item  buttons-horizontal\">\n\t\t    \t\t\t<a href=\"https:\/\/www.amazon.es\/Sony-Alpha-ILCE7M3-Montura-detecci%C3%B3n\/dp\/B07B4L1PQ8\/ref=sr_1_1?s=electronics&#038;ie=UTF8&#038;qid=1548974890&#038;sr=1-1&#038;keywords=Sony+A7+III\" class=\"ui builder_button tb_default_color\" target=\"_blank\" rel=\"noopener\">\n\t\t    \t\t    \t\t\t<span>Ver Produto na Amazon<\/span>\n\t\t    \t\t    \t\t\t<\/a>\n\t\t                    <\/div>\n                    <\/div>\n    <\/div>\n    <!-- \/module buttons -->\n\t        <\/div>\n\t    \t<\/div>\n\t\t<div  class=\"module_column tb-column col4-1 second tb_5535_column module_column_1 module_column_5535-0-1 tb_n14t679\" >\n\t    \t    \t        <div class=\"tb-column-inner\">\n\t\t        <!-- module image -->\n    <div  class=\"module module-image tb_1zed747  image-top  \">\n\t                <div class=\"image-wrap\">\n                            <img loading=\"lazy\" decoding=\"async\" width=\"2500\" height=\"2096\" src=\"http:\/\/creativebox.pt\/claudiomarques\/wp-content\/uploads\/sites\/7\/2019\/01\/tam.jpg\" class=\" wp-post-image wp-image-5855\" alt=\"\" srcset=\"http:\/\/creativebox.pt\/claudiomarques\/wp-content\/uploads\/sites\/7\/2019\/01\/tam.jpg 2500w, http:\/\/creativebox.pt\/claudiomarques\/wp-content\/uploads\/sites\/7\/2019\/01\/tam-300x252.jpg 300w, http:\/\/creativebox.pt\/claudiomarques\/wp-content\/uploads\/sites\/7\/2019\/01\/tam-768x644.jpg 768w, http:\/\/creativebox.pt\/claudiomarques\/wp-content\/uploads\/sites\/7\/2019\/01\/tam-1024x859.jpg 1024w\" sizes=\"auto, (max-width: 2500px) 100vw, 2500px\" \/>            \n                        <\/div>\n            <!-- \/image-wrap -->\n        \n        \n        <\/div>\n    <!-- \/module image -->\n<!-- module text -->\n<div  class=\"module module-text tb_68kt687    \">\n            <div  class=\"tb_text_wrap\">\n    <p style=\"text-align: center;\"><strong>Tamron 28-75mm F\/2.8<\/strong><\/p><ul><li>Superb optical performance<\/li><li>Light weight\u00a0<\/li><li class=\"top-section-list-item\">Aperture Range: f\/2.8<\/li><\/ul>    <\/div>\n<\/div>\n<!-- \/module text -->\n    <!-- module buttons -->\n    <div  class=\"module module-buttons tb_m67a061 normal solid rounded  \">\n\t        \t<div class=\"module-buttons\">\n                            <div class=\"module-buttons-item  buttons-horizontal\">\n\t\t    \t\t\t<a href=\"https:\/\/www.amazon.es\/Tamron-28-75mm-2-8-III-RXD\/dp\/B07CSXTGJJ\/ref=sr_1_1?s=electronics&#038;ie=UTF8&#038;qid=1548975430&#038;sr=1-1&#038;keywords=Tamron+28-75\" class=\"ui builder_button tb_default_color\" target=\"_blank\" rel=\"noopener\">\n\t\t    \t\t    \t\t\t<span>Ver Produto na Amazon<\/span>\n\t\t    \t\t    \t\t\t<\/a>\n\t\t                    <\/div>\n                    <\/div>\n    <\/div>\n    <!-- \/module buttons -->\n\t        <\/div>\n\t    \t<\/div>\n\t\t<div  class=\"module_column tb-column col4-1 third tb_5535_column module_column_2 module_column_5535-0-2 tb_co15080\" >\n\t    \t    \t        <div class=\"tb-column-inner\">\n\t\t        <!-- module image -->\n    <div  class=\"module module-image tb_jzma478  image-top  \">\n\t                <div class=\"image-wrap\">\n                            <img loading=\"lazy\" decoding=\"async\" width=\"2500\" height=\"2096\" src=\"http:\/\/creativebox.pt\/claudiomarques\/wp-content\/uploads\/sites\/7\/2019\/01\/pan.jpg\" class=\" wp-post-image wp-image-5823\" alt=\"\" srcset=\"http:\/\/creativebox.pt\/claudiomarques\/wp-content\/uploads\/sites\/7\/2019\/01\/pan.jpg 2500w, http:\/\/creativebox.pt\/claudiomarques\/wp-content\/uploads\/sites\/7\/2019\/01\/pan-300x252.jpg 300w, http:\/\/creativebox.pt\/claudiomarques\/wp-content\/uploads\/sites\/7\/2019\/01\/pan-768x644.jpg 768w, http:\/\/creativebox.pt\/claudiomarques\/wp-content\/uploads\/sites\/7\/2019\/01\/pan-1024x859.jpg 1024w\" sizes=\"auto, (max-width: 2500px) 100vw, 2500px\" \/>            \n                        <\/div>\n            <!-- \/image-wrap -->\n        \n        \n        <\/div>\n    <!-- \/module image -->\n<!-- module text -->\n<div  class=\"module module-text tb_gpel877    \">\n            <div  class=\"tb_text_wrap\">\n    <p style=\"text-align: center;\"><strong>Panasonic Lumix G80<\/strong><\/p><ul><li>16MP Four Thirds Sensor<\/li><li>4K recording and photo<\/li><li class=\"top-section-list-item\">DFD &#8211; Ultra High Speed Focusing<\/li><\/ul>    <\/div>\n<\/div>\n<!-- \/module text -->\n    <!-- module buttons -->\n    <div  class=\"module module-buttons tb_ep9q644 normal solid rounded  \">\n\t        \t<div class=\"module-buttons\">\n                            <div class=\"module-buttons-item  buttons-horizontal\">\n\t\t    \t\t\t<a href=\"https:\/\/www.amazon.es\/Panasonic-Lumix-DMC-G80-Cuerpo-3448Pixeles\/dp\/B01M0J8C4W\/ref=sr_1_4?ie=UTF8&#038;qid=1548973522&#038;sr=8-4&#038;keywords=g80\" class=\"ui builder_button tb_default_color\" target=\"_blank\" rel=\"noopener\">\n\t\t    \t\t    \t\t\t<span>Ver Produto na Amazon<\/span>\n\t\t    \t\t    \t\t\t<\/a>\n\t\t                    <\/div>\n                    <\/div>\n    <\/div>\n    <!-- \/module buttons -->\n\t        <\/div>\n\t    \t<\/div>\n\t\t<div  class=\"module_column tb-column col4-1 last tb_5535_column module_column_3 module_column_5535-0-3 tb_y7sc304\" >\n\t    \t    \t        <div class=\"tb-column-inner\">\n\t\t        <!-- module image -->\n    <div  class=\"module module-image tb_ud67061  image-top  \">\n\t                <div class=\"image-wrap\">\n                            <img loading=\"lazy\" decoding=\"async\" width=\"2082\" height=\"1586\" src=\"http:\/\/creativebox.pt\/claudiomarques\/wp-content\/uploads\/sites\/7\/2017\/06\/16.jpg\" class=\" wp-post-image wp-image-5577\" alt=\"\" srcset=\"http:\/\/creativebox.pt\/claudiomarques\/wp-content\/uploads\/sites\/7\/2017\/06\/16.jpg 2082w, http:\/\/creativebox.pt\/claudiomarques\/wp-content\/uploads\/sites\/7\/2017\/06\/16-300x229.jpg 300w, http:\/\/creativebox.pt\/claudiomarques\/wp-content\/uploads\/sites\/7\/2017\/06\/16-768x585.jpg 768w, http:\/\/creativebox.pt\/claudiomarques\/wp-content\/uploads\/sites\/7\/2017\/06\/16-1024x780.jpg 1024w\" sizes=\"auto, (max-width: 2082px) 100vw, 2082px\" \/>            \n                        <\/div>\n            <!-- \/image-wrap -->\n        \n        \n        <\/div>\n    <!-- \/module image -->\n<!-- module text -->\n<div  class=\"module module-text tb_y5qb408    \">\n            <div  class=\"tb_text_wrap\">\n    <p style=\"text-align: center;\"><strong>Lumix G Vario 14-140mm f\/3.5-5.6<\/strong><\/p><ul><li>POWER O.I.S.<\/li><li>Continuous Auto-Focus<\/li><li class=\"top-section-list-item\">Aperture Range: f\/3.5 to f\/22<\/li><\/ul>    <\/div>\n<\/div>\n<!-- \/module text -->\n    <!-- module buttons -->\n    <div  class=\"module module-buttons tb_z4il784 normal solid rounded  \">\n\t        \t<div class=\"module-buttons\">\n                            <div class=\"module-buttons-item  buttons-horizontal\">\n\t\t    \t\t\t<a href=\"https:\/\/www.amazon.es\/Panasonic-H-FS14140EKA-Objetivo-c%C3%A1mara-Lumix\/dp\/B010Q5EHDY\/ref=sr_1_4?ie=UTF8&#038;qid=1498173323&#038;sr=8-4&#038;keywords=lumix+14-140mm\" class=\"ui builder_button tb_default_color\" target=\"_blank\" rel=\"noopener\">\n\t\t    \t\t    \t\t\t<span>Ver Produto na Amazon<\/span>\n\t\t    \t\t    \t\t\t<\/a>\n\t\t                    <\/div>\n                    <\/div>\n    <\/div>\n    <!-- \/module buttons -->\n\t        <\/div>\n\t    \t<\/div>\n\t\t    <\/div>\n\t    <!-- \/row_inner -->\n\t<\/div>\n\t<!-- \/module_row -->\n\t\t<!-- module_row -->\n\t<div  class=\"themify_builder_row module_row clearfix module_row_1 themify_builder_5535_row module_row_5535-1 tb_iop7626\">\n\t    \t    <div class=\"row_inner col_align_top gutter-none\" >\n\t\t\t<div  class=\"module_column tb-column col4-1 first tb_5535_column module_column_0 module_column_5535-1-0 tb_z0h2660\" >\n\t    \t    \t        <div class=\"tb-column-inner\">\n\t\t        <!-- module image -->\n    <div  class=\"module module-image tb_75pr837  image-top  \">\n\t                <div class=\"image-wrap\">\n                            <img loading=\"lazy\" decoding=\"async\" width=\"500\" height=\"418\" src=\"http:\/\/creativebox.pt\/claudiomarques\/wp-content\/uploads\/sites\/7\/2017\/12\/a3.png\" class=\" wp-post-image wp-image-5735\" alt=\"\" srcset=\"http:\/\/creativebox.pt\/claudiomarques\/wp-content\/uploads\/sites\/7\/2017\/12\/a3.png 500w, http:\/\/creativebox.pt\/claudiomarques\/wp-content\/uploads\/sites\/7\/2017\/12\/a3-300x251.png 300w\" sizes=\"auto, (max-width: 500px) 100vw, 500px\" \/>            \n                        <\/div>\n            <!-- \/image-wrap -->\n        \n        \n        <\/div>\n    <!-- \/module image -->\n<!-- module text -->\n<div  class=\"module module-text tb_74cs608    \">\n            <div  class=\"tb_text_wrap\">\n    <p style=\"text-align: center;\"><strong>LUMIX G 20mm f\/1.7 II ASPH<\/strong><\/p><ul><li>35mm equivalent focal<\/li><li>Fast f\/1.7 aperture<\/li><li class=\"top-section-list-item\">7-blade rounded aperture<\/li><\/ul>    <\/div>\n<\/div>\n<!-- \/module text -->\n    <!-- module buttons -->\n    <div  class=\"module module-buttons tb_v2wh440 normal solid rounded  \">\n\t        \t<div class=\"module-buttons\">\n                            <div class=\"module-buttons-item  buttons-horizontal\">\n\t\t    \t\t\t<a href=\"https:\/\/www.amazon.es\/Panasonic-H-H020AE-K-Objetivo-Di%C3%A1metro-46mm\/dp\/B00DPEK7E2\/ref=sr_1_1?ie=UTF8&#038;qid=1513266977&#038;sr=8-1&#038;keywords=panasonic+20mm\" class=\"ui builder_button tb_default_color\" target=\"_blank\" rel=\"noopener\">\n\t\t    \t\t    \t\t\t<span>Ver Produto na Amazon<\/span>\n\t\t    \t\t    \t\t\t<\/a>\n\t\t                    <\/div>\n                    <\/div>\n    <\/div>\n    <!-- \/module buttons -->\n\t        <\/div>\n\t    \t<\/div>\n\t\t<div  class=\"module_column tb-column col4-1 second tb_5535_column module_column_1 module_column_5535-1-1 tb_6icy780\" >\n\t    \t    \t        <div class=\"tb-column-inner\">\n\t\t        <!-- module image -->\n    <div  class=\"module module-image tb_mnv3061  image-top  \">\n\t                <div class=\"image-wrap\">\n                            <img loading=\"lazy\" decoding=\"async\" width=\"500\" height=\"418\" src=\"http:\/\/creativebox.pt\/claudiomarques\/wp-content\/uploads\/sites\/7\/2017\/12\/a14.png\" class=\" wp-post-image wp-image-5736\" alt=\"\" srcset=\"http:\/\/creativebox.pt\/claudiomarques\/wp-content\/uploads\/sites\/7\/2017\/12\/a14.png 500w, http:\/\/creativebox.pt\/claudiomarques\/wp-content\/uploads\/sites\/7\/2017\/12\/a14-300x251.png 300w\" sizes=\"auto, (max-width: 500px) 100vw, 500px\" \/>            \n                        <\/div>\n            <!-- \/image-wrap -->\n        \n        \n        <\/div>\n    <!-- \/module image -->\n<!-- module text -->\n<div  class=\"module module-text tb_0m90050    \">\n            <div  class=\"tb_text_wrap\">\n    <p style=\"text-align: center;\"><strong>Rode VideoMic Go<\/strong><\/p><ul><li>Compact and light<\/li><li>High-quality audio\u00a0<\/li><li class=\"top-section-list-item\">Super-cardioid microphone<\/li><\/ul>    <\/div>\n<\/div>\n<!-- \/module text -->\n    <!-- module buttons -->\n    <div  class=\"module module-buttons tb_twtx088 normal solid rounded  \">\n\t        \t<div class=\"module-buttons\">\n                            <div class=\"module-buttons-item  buttons-horizontal\">\n\t\t    \t\t\t<a href=\"https:\/\/www.amazon.es\/Rode-VideoMic-Go-Micr%C3%B3fono-condensador\/dp\/B00GQDORA4\/ref=sr_1_cc_1?s=aps&#038;ie=UTF8&#038;qid=1513267077&#038;sr=1-1-catcorr&#038;keywords=rode+videomic+go\" class=\"ui builder_button tb_default_color\" target=\"_blank\" rel=\"noopener\">\n\t\t    \t\t    \t\t\t<span>Ver Produto na Amazon<\/span>\n\t\t    \t\t    \t\t\t<\/a>\n\t\t                    <\/div>\n                    <\/div>\n    <\/div>\n    <!-- \/module buttons -->\n\t        <\/div>\n\t    \t<\/div>\n\t\t<div  class=\"module_column tb-column col4-1 third tb_5535_column module_column_2 module_column_5535-1-2 tb_174a900\" >\n\t    \t    \t        <div class=\"tb-column-inner\">\n\t\t        <!-- module image -->\n    <div  class=\"module module-image tb_tpwo970  image-top  \">\n\t                <div class=\"image-wrap\">\n                            <img loading=\"lazy\" decoding=\"async\" width=\"1068\" height=\"712\" src=\"http:\/\/creativebox.pt\/claudiomarques\/wp-content\/uploads\/sites\/7\/2020\/11\/mavic-air-2-1.jpg\" class=\" wp-post-image wp-image-5886\" alt=\"\" srcset=\"http:\/\/creativebox.pt\/claudiomarques\/wp-content\/uploads\/sites\/7\/2020\/11\/mavic-air-2-1.jpg 1068w, http:\/\/creativebox.pt\/claudiomarques\/wp-content\/uploads\/sites\/7\/2020\/11\/mavic-air-2-1-300x200.jpg 300w, http:\/\/creativebox.pt\/claudiomarques\/wp-content\/uploads\/sites\/7\/2020\/11\/mavic-air-2-1-1024x683.jpg 1024w, http:\/\/creativebox.pt\/claudiomarques\/wp-content\/uploads\/sites\/7\/2020\/11\/mavic-air-2-1-768x512.jpg 768w\" sizes=\"auto, (max-width: 1068px) 100vw, 1068px\" \/>            \n                        <\/div>\n            <!-- \/image-wrap -->\n        \n        \n        <\/div>\n    <!-- \/module image -->\n<!-- module text -->\n<div  class=\"module module-text tb_e3cu040    \">\n            <div  class=\"tb_text_wrap\">\n    <p style=\"text-align: center;\"><strong>DJI Mavic Air 2<\/strong><\/p><ul><li>4K footage and 48MP photos<\/li><li>31-minute flight time<\/li><li>Portable<\/li><\/ul>    <\/div>\n<\/div>\n<!-- \/module text -->\n    <!-- module buttons -->\n    <div  class=\"module module-buttons tb_qvso776 normal solid rounded  \">\n\t        \t<div class=\"module-buttons\">\n                            <div class=\"module-buttons-item  buttons-horizontal\">\n\t\t    \t\t\t<a href=\"https:\/\/www.amazon.es\/DJI-Quadcopter-C%C3%A1mara-Pulgadas-ActiveTrack\/dp\/B087N4WY8V\/ref=sr_1_5?__mk_es_ES=%C3%85M%C3%85%C5%BD%C3%95%C3%91&#038;dchild=1&#038;keywords=mavic+air+2&#038;qid=1605186380&#038;quartzVehicle=72-1783&#038;replacementKeywords=mavic+air&#038;sr=8-5\" class=\"ui builder_button tb_default_color\" target=\"_blank\" rel=\"noopener\">\n\t\t    \t\t    \t\t\t<span>Ver Produto na Amazon<\/span>\n\t\t    \t\t    \t\t\t<\/a>\n\t\t                    <\/div>\n                    <\/div>\n    <\/div>\n    <!-- \/module buttons -->\n\t        <\/div>\n\t    \t<\/div>\n\t\t<div  class=\"module_column tb-column col4-1 last tb_5535_column module_column_3 module_column_5535-1-3 tb_kuf6761\" >\n\t    \t    \t        <div class=\"tb-column-inner\">\n\t\t        <!-- module image -->\n    <div  class=\"module module-image tb_iyad181  image-top  \">\n\t                <div class=\"image-wrap\">\n                            <img loading=\"lazy\" decoding=\"async\" width=\"2500\" height=\"2096\" src=\"http:\/\/creativebox.pt\/claudiomarques\/wp-content\/uploads\/sites\/7\/2017\/06\/g-1.jpg\" class=\" wp-post-image wp-image-5666\" alt=\"\" srcset=\"http:\/\/creativebox.pt\/claudiomarques\/wp-content\/uploads\/sites\/7\/2017\/06\/g-1.jpg 2500w, http:\/\/creativebox.pt\/claudiomarques\/wp-content\/uploads\/sites\/7\/2017\/06\/g-1-300x252.jpg 300w, http:\/\/creativebox.pt\/claudiomarques\/wp-content\/uploads\/sites\/7\/2017\/06\/g-1-768x644.jpg 768w, http:\/\/creativebox.pt\/claudiomarques\/wp-content\/uploads\/sites\/7\/2017\/06\/g-1-1024x859.jpg 1024w\" sizes=\"auto, (max-width: 2500px) 100vw, 2500px\" \/>            \n                        <\/div>\n            <!-- \/image-wrap -->\n        \n        \n        <\/div>\n    <!-- \/module image -->\n<!-- module text -->\n<div  class=\"module module-text tb_y8v5062    \">\n            <div  class=\"tb_text_wrap\">\n    <p style=\"text-align: center;\"><strong>Slider Rat Rig 60cm<\/strong><\/p><ul><li>Light-Weight rail: 60cm<\/li><li>Delrin Wheels<\/li><li>\u00a0Smoothest Slider<\/li><\/ul>    <\/div>\n<\/div>\n<!-- \/module text -->\n    <!-- module buttons -->\n    <div  class=\"module module-buttons tb_qg9p649 normal solid rounded  \">\n\t        \t<div class=\"module-buttons\">\n                            <div class=\"module-buttons-item  buttons-horizontal\">\n\t\t    \t\t\t<a href=\"http:\/\/www.ratrig.com\/v-slider-mini-2-0.html\" class=\"ui builder_button tb_default_color\" target=\"_blank\" rel=\"noopener\">\n\t\t    \t\t    \t\t\t<span>Ver Produto na p\u00e1gina<\/span>\n\t\t    \t\t    \t\t\t<\/a>\n\t\t                    <\/div>\n                    <\/div>\n    <\/div>\n    <!-- \/module buttons -->\n\t        <\/div>\n\t    \t<\/div>\n\t\t    <\/div>\n\t    <!-- \/row_inner -->\n\t<\/div>\n\t<!-- \/module_row -->\n\t\t<!-- module_row -->\n\t<div  class=\"themify_builder_row module_row clearfix module_row_2 themify_builder_5535_row module_row_5535-2 tb_gts7090\">\n\t    \t    <div class=\"row_inner col_align_top gutter-none\" >\n\t\t\t<div  class=\"module_column tb-column col4-1 first tb_5535_column module_column_0 module_column_5535-2-0 tb_r5mg490\" >\n\t    \t    \t        <div class=\"tb-column-inner\">\n\t\t        <!-- module image -->\n    <div  class=\"module module-image tb_fod9494  image-top  \">\n\t                <div class=\"image-wrap\">\n                            <img loading=\"lazy\" decoding=\"async\" width=\"2500\" height=\"2096\" src=\"http:\/\/creativebox.pt\/claudiomarques\/wp-content\/uploads\/sites\/7\/2017\/06\/trip.jpg\" class=\" wp-post-image wp-image-5669\" alt=\"\" srcset=\"http:\/\/creativebox.pt\/claudiomarques\/wp-content\/uploads\/sites\/7\/2017\/06\/trip.jpg 2500w, http:\/\/creativebox.pt\/claudiomarques\/wp-content\/uploads\/sites\/7\/2017\/06\/trip-300x252.jpg 300w, http:\/\/creativebox.pt\/claudiomarques\/wp-content\/uploads\/sites\/7\/2017\/06\/trip-768x644.jpg 768w, http:\/\/creativebox.pt\/claudiomarques\/wp-content\/uploads\/sites\/7\/2017\/06\/trip-1024x859.jpg 1024w\" sizes=\"auto, (max-width: 2500px) 100vw, 2500px\" \/>            \n                        <\/div>\n            <!-- \/image-wrap -->\n        \n        \n        <\/div>\n    <!-- \/module image -->\n<!-- module text -->\n<div  class=\"module module-text tb_xjj4004    \">\n            <div  class=\"tb_text_wrap\">\n    <p style=\"text-align: center;\"><strong>Trip\u00e9 de V\u00eddeo Bilora 936<\/strong><\/p><ul><li><span class=\"a-list-item\">Lightweight Videotripod<\/span><\/li><li><span class=\"a-list-item\">Smooth head<\/span><\/li><li><span class=\"a-list-item\">Excellent performance ratio<\/span><\/li><\/ul>    <\/div>\n<\/div>\n<!-- \/module text -->\n    <!-- module buttons -->\n    <div  class=\"module module-buttons tb_aymi476 normal solid rounded  \">\n\t        \t<div class=\"module-buttons\">\n                            <div class=\"module-buttons-item  buttons-horizontal\">\n\t\t    \t\t\t<a href=\"https:\/\/www.amazon.es\/Bilora-936-Negro-tripode-Tr%C3%ADpode\/dp\/B0019V1ZEY\/ref=sr_1_1?ie=UTF8&#038;qid=1498835526&#038;sr=8-1&#038;keywords=bilora+936\" class=\"ui builder_button tb_default_color\" target=\"_blank\" rel=\"noopener\">\n\t\t    \t\t    \t\t\t<span>Ver Produto na Amazon<\/span>\n\t\t    \t\t    \t\t\t<\/a>\n\t\t                    <\/div>\n                    <\/div>\n    <\/div>\n    <!-- \/module buttons -->\n\t        <\/div>\n\t    \t<\/div>\n\t\t<div  class=\"module_column tb-column col4-1 second tb_5535_column module_column_1 module_column_5535-2-1 tb_rk1r096\" >\n\t    \t    \t        <div class=\"tb-column-inner\">\n\t\t        <!-- module image -->\n    <div  class=\"module module-image tb_7pcl406  image-top  \">\n\t                <div class=\"image-wrap\">\n                            <img loading=\"lazy\" decoding=\"async\" width=\"1500\" height=\"1500\" src=\"http:\/\/creativebox.pt\/claudiomarques\/wp-content\/uploads\/sites\/7\/2020\/11\/10.jpg\" class=\" wp-post-image wp-image-5890\" alt=\"\" srcset=\"http:\/\/creativebox.pt\/claudiomarques\/wp-content\/uploads\/sites\/7\/2020\/11\/10.jpg 1500w, http:\/\/creativebox.pt\/claudiomarques\/wp-content\/uploads\/sites\/7\/2020\/11\/10-300x300.jpg 300w, http:\/\/creativebox.pt\/claudiomarques\/wp-content\/uploads\/sites\/7\/2020\/11\/10-1024x1024.jpg 1024w, http:\/\/creativebox.pt\/claudiomarques\/wp-content\/uploads\/sites\/7\/2020\/11\/10-150x150.jpg 150w, http:\/\/creativebox.pt\/claudiomarques\/wp-content\/uploads\/sites\/7\/2020\/11\/10-768x768.jpg 768w\" sizes=\"auto, (max-width: 1500px) 100vw, 1500px\" \/>            \n                        <\/div>\n            <!-- \/image-wrap -->\n        \n        \n        <\/div>\n    <!-- \/module image -->\n<!-- module text -->\n<div  class=\"module module-text tb_43l6677    \">\n            <div  class=\"tb_text_wrap\">\n    <p style=\"text-align: center;\"><strong>Feiyutech AK 2000 S<\/strong><\/p><ul><li>Video stabilizer<\/li><li>Stable controlled shots<\/li><li>12 hours working time<\/li><\/ul>    <\/div>\n<\/div>\n<!-- \/module text -->\n    <!-- module buttons -->\n    <div  class=\"module module-buttons tb_xlae379 normal solid rounded  \">\n\t        \t<div class=\"module-buttons\">\n                            <div class=\"module-buttons-item  buttons-horizontal\">\n\t\t    \t\t\t<a href=\"https:\/\/www.amazon.es\/FeiyuTech-FE-1827-AK2000S-Advanced\/dp\/B0833B4Z6K\/ref=sr_1_6?__mk_es_ES=%C3%85M%C3%85%C5%BD%C3%95%C3%91&#038;dchild=1&#038;keywords=Ak2000S&#038;qid=1605186443&#038;sr=8-6\" class=\"ui builder_button tb_default_color\" target=\"_blank\" rel=\"noopener\">\n\t\t    \t\t    \t\t\t<span>Ver Produto na Amazon<\/span>\n\t\t    \t\t    \t\t\t<\/a>\n\t\t                    <\/div>\n                    <\/div>\n    <\/div>\n    <!-- \/module buttons -->\n\t        <\/div>\n\t    \t<\/div>\n\t\t<div  class=\"module_column tb-column col4-1 third tb_5535_column module_column_2 module_column_5535-2-2 tb_p578760\" >\n\t    \t    \t        <div class=\"tb-column-inner\">\n\t\t        <!-- module image -->\n    <div  class=\"module module-image tb_8bko444  image-top  \">\n\t                <div class=\"image-wrap\">\n                            <img loading=\"lazy\" decoding=\"async\" width=\"500\" height=\"418\" src=\"http:\/\/creativebox.pt\/claudiomarques\/wp-content\/uploads\/sites\/7\/2017\/12\/b12.png\" class=\" wp-post-image wp-image-5745\" alt=\"\" srcset=\"http:\/\/creativebox.pt\/claudiomarques\/wp-content\/uploads\/sites\/7\/2017\/12\/b12.png 500w, http:\/\/creativebox.pt\/claudiomarques\/wp-content\/uploads\/sites\/7\/2017\/12\/b12-300x251.png 300w\" sizes=\"auto, (max-width: 500px) 100vw, 500px\" \/>            \n                        <\/div>\n            <!-- \/image-wrap -->\n        \n        \n        <\/div>\n    <!-- \/module image -->\n<!-- module text -->\n<div  class=\"module module-text tb_p3qa879    \">\n            <div  class=\"tb_text_wrap\">\n    <p style=\"text-align: center;\"><strong>Monop\u00e9 + Cabe\u00e7a Hidr\u00e1ulica<\/strong><\/p><ul><li>Aluminum alloy body<\/li><li>Quick Release Plate<\/li><li>High:\u00a0168cm<\/li><\/ul>    <\/div>\n<\/div>\n<!-- \/module text -->\n    <!-- module buttons -->\n    <div  class=\"module module-buttons tb_se8i997 normal solid rounded  \">\n\t        \t<div class=\"module-buttons\">\n                            <div class=\"module-buttons-item  buttons-horizontal\">\n\t\t    \t\t\t<a href=\"http:\/\/niobo.pt\/shop\/walimex-pro-monope-video-aluminio.html\" class=\"ui builder_button tb_default_color\" target=\"_blank\" rel=\"noopener\">\n\t\t    \t\t    \t\t\t<span>Ver Produto na P\u00e1gina<\/span>\n\t\t    \t\t    \t\t\t<\/a>\n\t\t                    <\/div>\n                    <\/div>\n    <\/div>\n    <!-- \/module buttons -->\n\t        <\/div>\n\t    \t<\/div>\n\t\t<div  class=\"module_column tb-column col4-1 last tb_5535_column module_column_3 module_column_5535-2-3 tb_p7y5057\" >\n\t    \t    \t<\/div>\n\t\t    <\/div>\n\t    <!-- \/row_inner -->\n\t<\/div>\n\t<!-- \/module_row -->\n\t<\/div>\n\n\n","protected":false},"excerpt":{"rendered":"<p>Sony A7 III Full Frame Mirrorless Camera Advanced 24.2MP Sensor 4K video and 15-stop dynamic range Ver Produto na Amazon Tamron 28-75mm F\/2.8 Superb optical performance Light weight\u00a0 Aperture Range: f\/2.8 Ver Produto na Amazon Panasonic Lumix G80 16MP Four Thirds Sensor 4K recording and photo DFD &#8211; Ultra High Speed Focusing Ver Produto na [&hellip;]<\/p>\n","protected":false},"author":1,"featured_media":0,"parent":0,"menu_order":0,"comment_status":"closed","ping_status":"closed","template":"","meta":{"footnotes":""},"class_list":["post-5535","page","type-page","status-publish","hentry","has-post-title","has-post-date","has-post-category","has-post-tag","has-post-comment","has-post-author",""],"yoast_head":"<!-- This site is optimized with the Yoast SEO plugin v24.0 - https:\/\/yoast.com\/wordpress\/plugins\/seo\/ -->\n<title>Equipamento - Cl\u00e1udio Marques - Designer Multim\u00e9dia<\/title>\n<meta name=\"robots\" content=\"index, follow, max-snippet:-1, max-image-preview:large, max-video-preview:-1\" \/>\n<link rel=\"canonical\" href=\"http:\/\/creativebox.pt\/claudiomarques\/equipamento\/\" \/>\n<meta property=\"og:locale\" content=\"pt_PT\" \/>\n<meta property=\"og:type\" content=\"article\" \/>\n<meta property=\"og:title\" content=\"Equipamento - Cl\u00e1udio Marques - Designer Multim\u00e9dia\" \/>\n<meta property=\"og:description\" content=\"Sony A7 III Full Frame Mirrorless Camera Advanced 24.2MP Sensor 4K video and 15-stop dynamic range Ver Produto na Amazon Tamron 28-75mm F\/2.8 Superb optical performance Light weight\u00a0 Aperture Range: f\/2.8 Ver Produto na Amazon Panasonic Lumix G80 16MP Four Thirds Sensor 4K recording and photo DFD &#8211; Ultra High Speed Focusing Ver Produto na [&hellip;]\" \/>\n<meta property=\"og:url\" content=\"http:\/\/creativebox.pt\/claudiomarques\/equipamento\/\" \/>\n<meta property=\"og:site_name\" content=\"Cl\u00e1udio Marques - Designer Multim\u00e9dia\" \/>\n<meta property=\"article:modified_time\" content=\"2020-11-12T22:08:00+00:00\" \/>\n<meta property=\"og:image\" content=\"http:\/\/creativebox.pt\/claudiomarques\/wp-content\/uploads\/sites\/7\/2019\/01\/a7.jpg\" \/>\n<meta name=\"twitter:card\" content=\"summary_large_image\" \/>\n<meta name=\"twitter:label1\" content=\"Tempo estimado de leitura\" \/>\n\t<meta name=\"twitter:data1\" content=\"1 minuto\" \/>\n<script type=\"application\/ld+json\" class=\"yoast-schema-graph\">{\"@context\":\"https:\/\/schema.org\",\"@graph\":[{\"@type\":\"WebPage\",\"@id\":\"http:\/\/creativebox.pt\/claudiomarques\/equipamento\/\",\"url\":\"http:\/\/creativebox.pt\/claudiomarques\/equipamento\/\",\"name\":\"Equipamento - Cl\u00e1udio Marques - Designer Multim\u00e9dia\",\"isPartOf\":{\"@id\":\"https:\/\/creativebox.pt\/claudiomarques\/#website\"},\"primaryImageOfPage\":{\"@id\":\"http:\/\/creativebox.pt\/claudiomarques\/equipamento\/#primaryimage\"},\"image\":{\"@id\":\"http:\/\/creativebox.pt\/claudiomarques\/equipamento\/#primaryimage\"},\"thumbnailUrl\":\"http:\/\/creativebox.pt\/claudiomarques\/wp-content\/uploads\/sites\/7\/2019\/01\/a7.jpg\",\"datePublished\":\"2017-06-22T19:21:56+00:00\",\"dateModified\":\"2020-11-12T22:08:00+00:00\",\"breadcrumb\":{\"@id\":\"http:\/\/creativebox.pt\/claudiomarques\/equipamento\/#breadcrumb\"},\"inLanguage\":\"pt-PT\",\"potentialAction\":[{\"@type\":\"ReadAction\",\"target\":[\"http:\/\/creativebox.pt\/claudiomarques\/equipamento\/\"]}]},{\"@type\":\"ImageObject\",\"inLanguage\":\"pt-PT\",\"@id\":\"http:\/\/creativebox.pt\/claudiomarques\/equipamento\/#primaryimage\",\"url\":\"http:\/\/creativebox.pt\/claudiomarques\/wp-content\/uploads\/sites\/7\/2019\/01\/a7.jpg\",\"contentUrl\":\"http:\/\/creativebox.pt\/claudiomarques\/wp-content\/uploads\/sites\/7\/2019\/01\/a7.jpg\",\"width\":2500,\"height\":2096},{\"@type\":\"BreadcrumbList\",\"@id\":\"http:\/\/creativebox.pt\/claudiomarques\/equipamento\/#breadcrumb\",\"itemListElement\":[{\"@type\":\"ListItem\",\"position\":1,\"name\":\"In\u00edcio\",\"item\":\"https:\/\/creativebox.pt\/claudiomarques\/\"},{\"@type\":\"ListItem\",\"position\":2,\"name\":\"Equipamento\"}]},{\"@type\":\"WebSite\",\"@id\":\"https:\/\/creativebox.pt\/claudiomarques\/#website\",\"url\":\"https:\/\/creativebox.pt\/claudiomarques\/\",\"name\":\"Cl\u00e1udio Marques - Designer Multim\u00e9dia\",\"description\":\"Portf\u00f3lio de Cl\u00e1udio Marques\",\"potentialAction\":[{\"@type\":\"SearchAction\",\"target\":{\"@type\":\"EntryPoint\",\"urlTemplate\":\"https:\/\/creativebox.pt\/claudiomarques\/?s={search_term_string}\"},\"query-input\":{\"@type\":\"PropertyValueSpecification\",\"valueRequired\":true,\"valueName\":\"search_term_string\"}}],\"inLanguage\":\"pt-PT\"}]}<\/script>\n<!-- \/ Yoast SEO plugin. -->","yoast_head_json":{"title":"Equipamento - Cl\u00e1udio Marques - Designer Multim\u00e9dia","robots":{"index":"index","follow":"follow","max-snippet":"max-snippet:-1","max-image-preview":"max-image-preview:large","max-video-preview":"max-video-preview:-1"},"canonical":"http:\/\/creativebox.pt\/claudiomarques\/equipamento\/","og_locale":"pt_PT","og_type":"article","og_title":"Equipamento - Cl\u00e1udio Marques - Designer Multim\u00e9dia","og_description":"Sony A7 III Full Frame Mirrorless Camera Advanced 24.2MP Sensor 4K video and 15-stop dynamic range Ver Produto na Amazon Tamron 28-75mm F\/2.8 Superb optical performance Light weight\u00a0 Aperture Range: f\/2.8 Ver Produto na Amazon Panasonic Lumix G80 16MP Four Thirds Sensor 4K recording and photo DFD &#8211; Ultra High Speed Focusing Ver Produto na [&hellip;]","og_url":"http:\/\/creativebox.pt\/claudiomarques\/equipamento\/","og_site_name":"Cl\u00e1udio Marques - Designer Multim\u00e9dia","article_modified_time":"2020-11-12T22:08:00+00:00","og_image":[{"url":"http:\/\/creativebox.pt\/claudiomarques\/wp-content\/uploads\/sites\/7\/2019\/01\/a7.jpg","type":"","width":"","height":""}],"twitter_card":"summary_large_image","twitter_misc":{"Tempo estimado de leitura":"1 minuto"},"schema":{"@context":"https:\/\/schema.org","@graph":[{"@type":"WebPage","@id":"http:\/\/creativebox.pt\/claudiomarques\/equipamento\/","url":"http:\/\/creativebox.pt\/claudiomarques\/equipamento\/","name":"Equipamento - Cl\u00e1udio Marques - Designer Multim\u00e9dia","isPartOf":{"@id":"https:\/\/creativebox.pt\/claudiomarques\/#website"},"primaryImageOfPage":{"@id":"http:\/\/creativebox.pt\/claudiomarques\/equipamento\/#primaryimage"},"image":{"@id":"http:\/\/creativebox.pt\/claudiomarques\/equipamento\/#primaryimage"},"thumbnailUrl":"http:\/\/creativebox.pt\/claudiomarques\/wp-content\/uploads\/sites\/7\/2019\/01\/a7.jpg","datePublished":"2017-06-22T19:21:56+00:00","dateModified":"2020-11-12T22:08:00+00:00","breadcrumb":{"@id":"http:\/\/creativebox.pt\/claudiomarques\/equipamento\/#breadcrumb"},"inLanguage":"pt-PT","potentialAction":[{"@type":"ReadAction","target":["http:\/\/creativebox.pt\/claudiomarques\/equipamento\/"]}]},{"@type":"ImageObject","inLanguage":"pt-PT","@id":"http:\/\/creativebox.pt\/claudiomarques\/equipamento\/#primaryimage","url":"http:\/\/creativebox.pt\/claudiomarques\/wp-content\/uploads\/sites\/7\/2019\/01\/a7.jpg","contentUrl":"http:\/\/creativebox.pt\/claudiomarques\/wp-content\/uploads\/sites\/7\/2019\/01\/a7.jpg","width":2500,"height":2096},{"@type":"BreadcrumbList","@id":"http:\/\/creativebox.pt\/claudiomarques\/equipamento\/#breadcrumb","itemListElement":[{"@type":"ListItem","position":1,"name":"In\u00edcio","item":"https:\/\/creativebox.pt\/claudiomarques\/"},{"@type":"ListItem","position":2,"name":"Equipamento"}]},{"@type":"WebSite","@id":"https:\/\/creativebox.pt\/claudiomarques\/#website","url":"https:\/\/creativebox.pt\/claudiomarques\/","name":"Cl\u00e1udio Marques - Designer Multim\u00e9dia","description":"Portf\u00f3lio de Cl\u00e1udio Marques","potentialAction":[{"@type":"SearchAction","target":{"@type":"EntryPoint","urlTemplate":"https:\/\/creativebox.pt\/claudiomarques\/?s={search_term_string}"},"query-input":{"@type":"PropertyValueSpecification","valueRequired":true,"valueName":"search_term_string"}}],"inLanguage":"pt-PT"}]}},"builder_content":"<img loading=\"lazy\" decoding=\"async\" width=\"2500\" height=\"2096\" src=\"http:\/\/creativebox.pt\/claudiomarques\/wp-content\/uploads\/sites\/7\/2019\/01\/a7.jpg\" alt=\"\" srcset=\"http:\/\/creativebox.pt\/claudiomarques\/wp-content\/uploads\/sites\/7\/2019\/01\/a7.jpg 2500w, http:\/\/creativebox.pt\/claudiomarques\/wp-content\/uploads\/sites\/7\/2019\/01\/a7-300x252.jpg 300w, http:\/\/creativebox.pt\/claudiomarques\/wp-content\/uploads\/sites\/7\/2019\/01\/a7-768x644.jpg 768w, http:\/\/creativebox.pt\/claudiomarques\/wp-content\/uploads\/sites\/7\/2019\/01\/a7-1024x859.jpg 1024w\" sizes=\"auto, (max-width: 2500px) 100vw, 2500px\" \/>\n<p style=\"text-align: center;\"><strong>Sony A7 III<\/strong><\/p><ul><li>Full Frame Mirrorless Camera<\/li><li>Advanced 24.2MP Sensor<\/li><li>4K video and 15-stop dynamic range<\/li><\/ul>\n<a href=\"https:\/\/www.amazon.es\/Sony-Alpha-ILCE7M3-Montura-detecci%C3%B3n\/dp\/B07B4L1PQ8\/ref=sr_1_1?s=electronics&#038;ie=UTF8&#038;qid=1548974890&#038;sr=1-1&#038;keywords=Sony+A7+III\" target=\"_blank\" rel=\"noopener\"> Ver Produto na Amazon <\/a>\n<img loading=\"lazy\" decoding=\"async\" width=\"2500\" height=\"2096\" src=\"http:\/\/creativebox.pt\/claudiomarques\/wp-content\/uploads\/sites\/7\/2019\/01\/tam.jpg\" alt=\"\" srcset=\"http:\/\/creativebox.pt\/claudiomarques\/wp-content\/uploads\/sites\/7\/2019\/01\/tam.jpg 2500w, http:\/\/creativebox.pt\/claudiomarques\/wp-content\/uploads\/sites\/7\/2019\/01\/tam-300x252.jpg 300w, http:\/\/creativebox.pt\/claudiomarques\/wp-content\/uploads\/sites\/7\/2019\/01\/tam-768x644.jpg 768w, http:\/\/creativebox.pt\/claudiomarques\/wp-content\/uploads\/sites\/7\/2019\/01\/tam-1024x859.jpg 1024w\" sizes=\"auto, (max-width: 2500px) 100vw, 2500px\" \/>\n<p style=\"text-align: center;\"><strong>Tamron 28-75mm F\/2.8<\/strong><\/p><ul><li>Superb optical performance<\/li><li>Light weight\u00a0<\/li><li>Aperture Range: f\/2.8<\/li><\/ul>\n<a href=\"https:\/\/www.amazon.es\/Tamron-28-75mm-2-8-III-RXD\/dp\/B07CSXTGJJ\/ref=sr_1_1?s=electronics&#038;ie=UTF8&#038;qid=1548975430&#038;sr=1-1&#038;keywords=Tamron+28-75\" target=\"_blank\" rel=\"noopener\"> Ver Produto na Amazon <\/a>\n<img loading=\"lazy\" decoding=\"async\" width=\"2500\" height=\"2096\" src=\"http:\/\/creativebox.pt\/claudiomarques\/wp-content\/uploads\/sites\/7\/2019\/01\/pan.jpg\" alt=\"\" srcset=\"http:\/\/creativebox.pt\/claudiomarques\/wp-content\/uploads\/sites\/7\/2019\/01\/pan.jpg 2500w, http:\/\/creativebox.pt\/claudiomarques\/wp-content\/uploads\/sites\/7\/2019\/01\/pan-300x252.jpg 300w, http:\/\/creativebox.pt\/claudiomarques\/wp-content\/uploads\/sites\/7\/2019\/01\/pan-768x644.jpg 768w, http:\/\/creativebox.pt\/claudiomarques\/wp-content\/uploads\/sites\/7\/2019\/01\/pan-1024x859.jpg 1024w\" sizes=\"auto, (max-width: 2500px) 100vw, 2500px\" \/>\n<p style=\"text-align: center;\"><strong>Panasonic Lumix G80<\/strong><\/p><ul><li>16MP Four Thirds Sensor<\/li><li>4K recording and photo<\/li><li>DFD - Ultra High Speed Focusing<\/li><\/ul>\n<a href=\"https:\/\/www.amazon.es\/Panasonic-Lumix-DMC-G80-Cuerpo-3448Pixeles\/dp\/B01M0J8C4W\/ref=sr_1_4?ie=UTF8&#038;qid=1548973522&#038;sr=8-4&#038;keywords=g80\" target=\"_blank\" rel=\"noopener\"> Ver Produto na Amazon <\/a>\n<img loading=\"lazy\" decoding=\"async\" width=\"2082\" height=\"1586\" src=\"http:\/\/creativebox.pt\/claudiomarques\/wp-content\/uploads\/sites\/7\/2017\/06\/16.jpg\" alt=\"\" srcset=\"http:\/\/creativebox.pt\/claudiomarques\/wp-content\/uploads\/sites\/7\/2017\/06\/16.jpg 2082w, http:\/\/creativebox.pt\/claudiomarques\/wp-content\/uploads\/sites\/7\/2017\/06\/16-300x229.jpg 300w, http:\/\/creativebox.pt\/claudiomarques\/wp-content\/uploads\/sites\/7\/2017\/06\/16-768x585.jpg 768w, http:\/\/creativebox.pt\/claudiomarques\/wp-content\/uploads\/sites\/7\/2017\/06\/16-1024x780.jpg 1024w\" sizes=\"auto, (max-width: 2082px) 100vw, 2082px\" \/>\n<p style=\"text-align: center;\"><strong>Lumix G Vario 14-140mm f\/3.5-5.6<\/strong><\/p><ul><li>POWER O.I.S.<\/li><li>Continuous Auto-Focus<\/li><li>Aperture Range: f\/3.5 to f\/22<\/li><\/ul>\n<a href=\"https:\/\/www.amazon.es\/Panasonic-H-FS14140EKA-Objetivo-c%C3%A1mara-Lumix\/dp\/B010Q5EHDY\/ref=sr_1_4?ie=UTF8&#038;qid=1498173323&#038;sr=8-4&#038;keywords=lumix+14-140mm\" target=\"_blank\" rel=\"noopener\"> Ver Produto na Amazon <\/a>\n<img loading=\"lazy\" decoding=\"async\" width=\"500\" height=\"418\" src=\"http:\/\/creativebox.pt\/claudiomarques\/wp-content\/uploads\/sites\/7\/2017\/12\/a3.png\" alt=\"\" srcset=\"http:\/\/creativebox.pt\/claudiomarques\/wp-content\/uploads\/sites\/7\/2017\/12\/a3.png 500w, http:\/\/creativebox.pt\/claudiomarques\/wp-content\/uploads\/sites\/7\/2017\/12\/a3-300x251.png 300w\" sizes=\"auto, (max-width: 500px) 100vw, 500px\" \/>\n<p style=\"text-align: center;\"><strong>LUMIX G 20mm f\/1.7 II ASPH<\/strong><\/p><ul><li>35mm equivalent focal<\/li><li>Fast f\/1.7 aperture<\/li><li>7-blade rounded aperture<\/li><\/ul>\n<a href=\"https:\/\/www.amazon.es\/Panasonic-H-H020AE-K-Objetivo-Di%C3%A1metro-46mm\/dp\/B00DPEK7E2\/ref=sr_1_1?ie=UTF8&#038;qid=1513266977&#038;sr=8-1&#038;keywords=panasonic+20mm\" target=\"_blank\" rel=\"noopener\"> Ver Produto na Amazon <\/a>\n<img loading=\"lazy\" decoding=\"async\" width=\"500\" height=\"418\" src=\"http:\/\/creativebox.pt\/claudiomarques\/wp-content\/uploads\/sites\/7\/2017\/12\/a14.png\" alt=\"\" srcset=\"http:\/\/creativebox.pt\/claudiomarques\/wp-content\/uploads\/sites\/7\/2017\/12\/a14.png 500w, http:\/\/creativebox.pt\/claudiomarques\/wp-content\/uploads\/sites\/7\/2017\/12\/a14-300x251.png 300w\" sizes=\"auto, (max-width: 500px) 100vw, 500px\" \/>\n<p style=\"text-align: center;\"><strong>Rode VideoMic Go<\/strong><\/p><ul><li>Compact and light<\/li><li>High-quality audio\u00a0<\/li><li>Super-cardioid microphone<\/li><\/ul>\n<a href=\"https:\/\/www.amazon.es\/Rode-VideoMic-Go-Micr%C3%B3fono-condensador\/dp\/B00GQDORA4\/ref=sr_1_cc_1?s=aps&#038;ie=UTF8&#038;qid=1513267077&#038;sr=1-1-catcorr&#038;keywords=rode+videomic+go\" target=\"_blank\" rel=\"noopener\"> Ver Produto na Amazon <\/a>\n<img loading=\"lazy\" decoding=\"async\" width=\"1068\" height=\"712\" src=\"http:\/\/creativebox.pt\/claudiomarques\/wp-content\/uploads\/sites\/7\/2020\/11\/mavic-air-2-1.jpg\" alt=\"\" srcset=\"http:\/\/creativebox.pt\/claudiomarques\/wp-content\/uploads\/sites\/7\/2020\/11\/mavic-air-2-1.jpg 1068w, http:\/\/creativebox.pt\/claudiomarques\/wp-content\/uploads\/sites\/7\/2020\/11\/mavic-air-2-1-300x200.jpg 300w, http:\/\/creativebox.pt\/claudiomarques\/wp-content\/uploads\/sites\/7\/2020\/11\/mavic-air-2-1-1024x683.jpg 1024w, http:\/\/creativebox.pt\/claudiomarques\/wp-content\/uploads\/sites\/7\/2020\/11\/mavic-air-2-1-768x512.jpg 768w\" sizes=\"auto, (max-width: 1068px) 100vw, 1068px\" \/>\n<p style=\"text-align: center;\"><strong>DJI Mavic Air 2<\/strong><\/p><ul><li>4K footage and 48MP photos<\/li><li>31-minute flight time<\/li><li>Portable<\/li><\/ul>\n<a href=\"https:\/\/www.amazon.es\/DJI-Quadcopter-C%C3%A1mara-Pulgadas-ActiveTrack\/dp\/B087N4WY8V\/ref=sr_1_5?__mk_es_ES=%C3%85M%C3%85%C5%BD%C3%95%C3%91&#038;dchild=1&#038;keywords=mavic+air+2&#038;qid=1605186380&#038;quartzVehicle=72-1783&#038;replacementKeywords=mavic+air&#038;sr=8-5\" target=\"_blank\" rel=\"noopener\"> Ver Produto na Amazon <\/a>\n<img loading=\"lazy\" decoding=\"async\" width=\"2500\" height=\"2096\" src=\"http:\/\/creativebox.pt\/claudiomarques\/wp-content\/uploads\/sites\/7\/2017\/06\/g-1.jpg\" alt=\"\" srcset=\"http:\/\/creativebox.pt\/claudiomarques\/wp-content\/uploads\/sites\/7\/2017\/06\/g-1.jpg 2500w, http:\/\/creativebox.pt\/claudiomarques\/wp-content\/uploads\/sites\/7\/2017\/06\/g-1-300x252.jpg 300w, http:\/\/creativebox.pt\/claudiomarques\/wp-content\/uploads\/sites\/7\/2017\/06\/g-1-768x644.jpg 768w, http:\/\/creativebox.pt\/claudiomarques\/wp-content\/uploads\/sites\/7\/2017\/06\/g-1-1024x859.jpg 1024w\" sizes=\"auto, (max-width: 2500px) 100vw, 2500px\" \/>\n<p style=\"text-align: center;\"><strong>Slider Rat Rig 60cm<\/strong><\/p><ul><li>Light-Weight rail: 60cm<\/li><li>Delrin Wheels<\/li><li>\u00a0Smoothest Slider<\/li><\/ul>\n<a href=\"http:\/\/www.ratrig.com\/v-slider-mini-2-0.html\" target=\"_blank\" rel=\"noopener\"> Ver Produto na p\u00e1gina <\/a>\n<img loading=\"lazy\" decoding=\"async\" width=\"2500\" height=\"2096\" src=\"http:\/\/creativebox.pt\/claudiomarques\/wp-content\/uploads\/sites\/7\/2017\/06\/trip.jpg\" alt=\"\" srcset=\"http:\/\/creativebox.pt\/claudiomarques\/wp-content\/uploads\/sites\/7\/2017\/06\/trip.jpg 2500w, http:\/\/creativebox.pt\/claudiomarques\/wp-content\/uploads\/sites\/7\/2017\/06\/trip-300x252.jpg 300w, http:\/\/creativebox.pt\/claudiomarques\/wp-content\/uploads\/sites\/7\/2017\/06\/trip-768x644.jpg 768w, http:\/\/creativebox.pt\/claudiomarques\/wp-content\/uploads\/sites\/7\/2017\/06\/trip-1024x859.jpg 1024w\" sizes=\"auto, (max-width: 2500px) 100vw, 2500px\" \/>\n<p style=\"text-align: center;\"><strong>Trip\u00e9 de V\u00eddeo Bilora 936<\/strong><\/p><ul><li>Lightweight Videotripod<\/li><li>Smooth head<\/li><li>Excellent performance ratio<\/li><\/ul>\n<a href=\"https:\/\/www.amazon.es\/Bilora-936-Negro-tripode-Tr%C3%ADpode\/dp\/B0019V1ZEY\/ref=sr_1_1?ie=UTF8&#038;qid=1498835526&#038;sr=8-1&#038;keywords=bilora+936\" target=\"_blank\" rel=\"noopener\"> Ver Produto na Amazon <\/a>\n<img loading=\"lazy\" decoding=\"async\" width=\"1500\" height=\"1500\" src=\"http:\/\/creativebox.pt\/claudiomarques\/wp-content\/uploads\/sites\/7\/2020\/11\/10.jpg\" alt=\"\" srcset=\"http:\/\/creativebox.pt\/claudiomarques\/wp-content\/uploads\/sites\/7\/2020\/11\/10.jpg 1500w, http:\/\/creativebox.pt\/claudiomarques\/wp-content\/uploads\/sites\/7\/2020\/11\/10-300x300.jpg 300w, http:\/\/creativebox.pt\/claudiomarques\/wp-content\/uploads\/sites\/7\/2020\/11\/10-1024x1024.jpg 1024w, http:\/\/creativebox.pt\/claudiomarques\/wp-content\/uploads\/sites\/7\/2020\/11\/10-150x150.jpg 150w, http:\/\/creativebox.pt\/claudiomarques\/wp-content\/uploads\/sites\/7\/2020\/11\/10-768x768.jpg 768w\" sizes=\"auto, (max-width: 1500px) 100vw, 1500px\" \/>\n<p style=\"text-align: center;\"><strong>Feiyutech AK 2000 S<\/strong><\/p><ul><li>Video stabilizer<\/li><li>Stable controlled shots<\/li><li>12 hours working time<\/li><\/ul>\n<a href=\"https:\/\/www.amazon.es\/FeiyuTech-FE-1827-AK2000S-Advanced\/dp\/B0833B4Z6K\/ref=sr_1_6?__mk_es_ES=%C3%85M%C3%85%C5%BD%C3%95%C3%91&#038;dchild=1&#038;keywords=Ak2000S&#038;qid=1605186443&#038;sr=8-6\" target=\"_blank\" rel=\"noopener\"> Ver Produto na Amazon <\/a>\n<img loading=\"lazy\" decoding=\"async\" width=\"500\" height=\"418\" src=\"http:\/\/creativebox.pt\/claudiomarques\/wp-content\/uploads\/sites\/7\/2017\/12\/b12.png\" alt=\"\" srcset=\"http:\/\/creativebox.pt\/claudiomarques\/wp-content\/uploads\/sites\/7\/2017\/12\/b12.png 500w, http:\/\/creativebox.pt\/claudiomarques\/wp-content\/uploads\/sites\/7\/2017\/12\/b12-300x251.png 300w\" sizes=\"auto, (max-width: 500px) 100vw, 500px\" \/>\n<p style=\"text-align: center;\"><strong>Monop\u00e9 + Cabe\u00e7a Hidr\u00e1ulica<\/strong><\/p><ul><li>Aluminum alloy body<\/li><li>Quick Release Plate<\/li><li>High:\u00a0168cm<\/li><\/ul>\n<a href=\"http:\/\/niobo.pt\/shop\/walimex-pro-monope-video-aluminio.html\" target=\"_blank\" rel=\"noopener\"> Ver Produto na P\u00e1gina <\/a>","_links":{"self":[{"href":"http:\/\/creativebox.pt\/claudiomarques\/wp-json\/wp\/v2\/pages\/5535","targetHints":{"allow":["GET"]}}],"collection":[{"href":"http:\/\/creativebox.pt\/claudiomarques\/wp-json\/wp\/v2\/pages"}],"about":[{"href":"http:\/\/creativebox.pt\/claudiomarques\/wp-json\/wp\/v2\/types\/page"}],"author":[{"embeddable":true,"href":"http:\/\/creativebox.pt\/claudiomarques\/wp-json\/wp\/v2\/users\/1"}],"replies":[{"embeddable":true,"href":"http:\/\/creativebox.pt\/claudiomarques\/wp-json\/wp\/v2\/comments?post=5535"}],"version-history":[{"count":124,"href":"http:\/\/creativebox.pt\/claudiomarques\/wp-json\/wp\/v2\/pages\/5535\/revisions"}],"predecessor-version":[{"id":5946,"href":"http:\/\/creativebox.pt\/claudiomarques\/wp-json\/wp\/v2\/pages\/5535\/revisions\/5946"}],"wp:attachment":[{"href":"http:\/\/creativebox.pt\/claudiomarques\/wp-json\/wp\/v2\/media?parent=5535"}],"curies":[{"name":"wp","href":"https:\/\/api.w.org\/{rel}","templated":true}]}}