{"id":5447,"date":"2017-06-21T22:52:06","date_gmt":"2017-06-21T22:52:06","guid":{"rendered":"http:\/\/creativebox.pt\/claudiomarques\/?page_id=5447"},"modified":"2020-12-15T16:17:51","modified_gmt":"2020-12-15T16:17:51","slug":"perfil","status":"publish","type":"page","link":"http:\/\/creativebox.pt\/claudiomarques\/perfil\/","title":{"rendered":"Perfil"},"content":{"rendered":"\n<!-- Facebook Like Button Vivacity Infotech BEGIN -->\n<div class=\"fb-like\" data-href=\"http:\/\/creativebox.pt\/claudiomarques\/perfil\/\" data-layout=\"standard\" data-action=\"like\" data-show-faces=\"false\" data-size=\"small\" data-width=\"450\" data-share=\"\" ><\/div>\n<!-- Facebook Like Button Vivacity Infotech END -->\n\n\n<div id=\"themify_builder_content-5447\" data-postid=\"5447\" class=\"themify_builder_content themify_builder_content-5447 themify_builder\">\n    \t<!-- module_row -->\n\t<div   class=\"themify_builder_row module_row clearfix module_row_0 themify_builder_5447_row module_row_5447-0 tb_3d2y080\">\n\t    \t    <div class=\"row_inner col_align_top\" >\n\t\t\t<div  class=\"module_column tb-column col3-1 first tb_5447_column module_column_0 module_column_5447-0-0 tb_v12u000\">\n\t    \t    \t        <div class=\"tb-column-inner\">\n\t\t    \t<div  class=\"themify_builder_sub_row module_subrow clearfix sub_row_0-0-0 tb_4ebo005\">\n\t    \t    <div class=\"subrow_inner col_align_top\" >\n\t\t\t<div  class=\"sub_column module_column col4-2 first sub_column_post_5447 sub_column_0-0-0-0 tb_dys0100\"> \n\t    \t    \t<\/div>\n\t\t<div  class=\"sub_column module_column col4-2 last sub_column_post_5447 sub_column_0-0-0-1 tb_64nf101\"> \n\t    \t    \t        <div class=\"tb-column-inner\">\n\t\t        <!-- module image -->\n    <div  class=\"module module-image tb_84cq580 rounded circle image-top  \">\n\t                <div class=\"image-wrap\">\n                            <img decoding=\"async\" src=\"http:\/\/creativebox.pt\/claudiomarques\/wp-content\/uploads\/sites\/7\/2019\/01\/39869004_1932742423452328_3757725788451897344_o-1024x1024-200x200.jpg\" width=\"200\" class=\" wp-post-image wp-image-5869\" alt=\"\" srcset=\"http:\/\/creativebox.pt\/claudiomarques\/wp-content\/uploads\/sites\/7\/2019\/01\/39869004_1932742423452328_3757725788451897344_o-1024x1024-200x200.jpg 200w, http:\/\/creativebox.pt\/claudiomarques\/wp-content\/uploads\/sites\/7\/2019\/01\/39869004_1932742423452328_3757725788451897344_o-150x150.jpg 150w, http:\/\/creativebox.pt\/claudiomarques\/wp-content\/uploads\/sites\/7\/2019\/01\/39869004_1932742423452328_3757725788451897344_o-300x300.jpg 300w, http:\/\/creativebox.pt\/claudiomarques\/wp-content\/uploads\/sites\/7\/2019\/01\/39869004_1932742423452328_3757725788451897344_o-768x768.jpg 768w, http:\/\/creativebox.pt\/claudiomarques\/wp-content\/uploads\/sites\/7\/2019\/01\/39869004_1932742423452328_3757725788451897344_o-1024x1024.jpg 1024w, http:\/\/creativebox.pt\/claudiomarques\/wp-content\/uploads\/sites\/7\/2019\/01\/39869004_1932742423452328_3757725788451897344_o.jpg 1127w\" sizes=\"(max-width: 200px) 100vw, 200px\" \/>            \n                        <\/div>\n            <!-- \/image-wrap -->\n        \n        \n        <\/div>\n    <!-- \/module image -->\n\t        <\/div>\n\t    \t<\/div>\n\t\t    <\/div>\n\t<\/div><!-- \/themify_builder_sub_row -->\n\t\t        <\/div>\n\t    \t<\/div>\n\t\t<div  class=\"module_column tb-column col3-1 middle tb_5447_column module_column_1 module_column_5447-0-1 tb_oj9r001\" style=\"width: 51.285%\">\n\t    \t    \t        <div class=\"tb-column-inner\">\n\t\t    <!-- module text -->\n<div  class=\"module module-text tb_2v2k525    \">\n            <div  class=\"tb_text_wrap\">\n    <p><strong>BIO<\/strong><\/p><p>Nasci em Julho de 1984. Atualmente sou designer multim\u00e9dia em regime freelancing e baterista em v\u00e1rios projetos.<br \/>Iniciei o percurso acad\u00e9mico em 2003, em Comunica\u00e7\u00e3o Social, mas no final do primeiro ano de curso apercebi-me que a minha aptid\u00e3o estava na multim\u00e9dia.<br \/>Mudei de curso e licenciei-me em Educa\u00e7\u00e3o e Comunica\u00e7\u00e3o Multim\u00e9dia. Mais tarde ingressei no mestrado em Audiovisual &amp; Multim\u00e9dia, ministrado na ESCS.<br \/>O meu percurso profissional levou-me a passar em diferentes ambientes, conhecendo profissionais e trazendo na bagagem um sem fim de experi\u00eancia e conhecimento.<br \/>Ao longo do tempo a m\u00fasica sempre me acompanhou e os palcos foram a minha liberta\u00e7\u00e3o.<br \/>De 2016 at\u00e9 ao presente, decidi trabalhar como freelancer na \u00e1rea do v\u00eddeo, design, fotografia, forma\u00e7\u00e3o e m\u00fasica.<\/p><p style=\"text-align: center;\"><em>&#8220;Eu n\u00e3o falhei. S\u00f3 descobri 10 mil caminhos que n\u00e3o eram o\u00a0certo&#8221;<br \/><strong>Thomas Edison<\/strong><\/em><\/p>    <\/div>\n<\/div>\n<!-- \/module text -->\n    <!-- module divider -->\n    <div  class=\"module module-divider tb_4wbs300 solid   divider-custom divider-center\" style=\"border-width: 1px;border-color: #000;margin-bottom: 40px;width: 100px;\">\n\t            <\/div>\n    <!-- \/module divider -->\n\t        <\/div>\n\t    \t<\/div>\n\t\t<div  class=\"module_column tb-column col3-1 last tb_5447_column module_column_2 module_column_5447-0-2 tb_hyp1151\" style=\"width: 11.1099%\">\n\t    \t    \t<\/div>\n\t\t    <\/div>\n\t    <!-- \/row_inner -->\n\t<\/div>\n\t<!-- \/module_row -->\n\t\t<!-- module_row -->\n\t<div  class=\"themify_builder_row module_row clearfix module_row_1 themify_builder_5447_row module_row_5447-1 tb_pre6015\">\n\t    \t    <div class=\"row_inner col_align_top\" >\n\t\t\t<div  class=\"module_column tb-column col3-1 first tb_5447_column module_column_0 module_column_5447-1-0 tb_cj8k805\">\n\t    \t    \t        <div class=\"tb-column-inner\">\n\t\t    <!-- module text -->\n<div  class=\"module module-text tb_6dt5100    \">\n            <div  class=\"tb_text_wrap\">\n    <p style=\"text-align: right;\"><strong>2020<\/strong><\/p>    <\/div>\n<\/div>\n<!-- \/module text -->\n\t        <\/div>\n\t    \t<\/div>\n\t\t<div  class=\"module_column tb-column col3-1 middle tb_5447_column module_column_1 module_column_5447-1-1 tb_95v8555\" style=\"width: 51.285%\">\n\t    \t    \t        <div class=\"tb-column-inner\">\n\t\t        <!-- module feature -->\n   <div  class=\"module module-feature tb_ldh8893 with-chart layout-icon-left size-small  \">\n        <style type=\"text\/css\">.tb_ldh8893 .chart-html5-inset {background-color: #91d1e6}<\/style>\n        \n        <div class=\"module-feature-image\">\n            \n            \n                <div class=\"module-feature-chart-html5\"\n                                     >\n                    <div class=\"chart-html5-circle\">\n                                                <div class=\"chart-html5-inset chart-html5-inset-icon\">\n\n                                                            <div class=\"module-feature-background\" style=\"background: #91d1e6\"><\/div>                                <i class=\"module-feature-icon fa fa-desktop\" style=\"color: #ffffff\"><\/i>                            \n                        <\/div>\n                    <\/div>\n                <\/div>\n\n                        <\/div>\n\n        <div class=\"module-feature-content\">\n\t\t\t                                        <h3 class=\"module-feature-title\">\n                                                                                            FORMADOR DE FOTOGRAFIA                                                                                    <\/h3>\n                                \t    <div class=\"tb_text_wrap\">\n\t\t<p><strong>ESCOLA PROFISSIONAL DO VALE DO TEJO<\/strong><\/p>\n<p>Professor destacado para lecionar a disciplina de C\u00e2mara Fotogr\u00e1fica\/Fotografia com Equipamento Digital na Forma\u00e7\u00e3o Modular Certificada na Escola Profissional Vale do Tejo.<br \/>Respons\u00e1vel pela escolha das melhores condi\u00e7\u00f5es criativas e t\u00e9cnicas para o trabalho a realizar, assim como transmitir conhecimento acerca do tratamento digital das imagens, arquivo dos ficheiros, luz, composi\u00e7\u00e3o fotogr\u00e1fica e an\u00e1lise e interpreta\u00e7\u00e3o de uma imagem.<\/p>\t    <\/div>\n\t<\/div>\n\n    <\/div>\n    <!-- \/module feature -->\n\t        <\/div>\n\t    \t<\/div>\n\t\t<div  class=\"module_column tb-column col3-1 last tb_5447_column module_column_2 module_column_5447-1-2 tb_2hcp105\" style=\"width: 11.1099%\">\n\t    \t    \t<\/div>\n\t\t    <\/div>\n\t    <!-- \/row_inner -->\n\t<\/div>\n\t<!-- \/module_row -->\n\t\t<!-- module_row -->\n\t<div  class=\"themify_builder_row module_row clearfix module_row_2 themify_builder_5447_row module_row_5447-2 tb_xr6c804\">\n\t    \t    <div class=\"row_inner col_align_top\" >\n\t\t\t<div  class=\"module_column tb-column col3-1 first tb_5447_column module_column_0 module_column_5447-2-0 tb_kzmy050\">\n\t    \t    \t        <div class=\"tb-column-inner\">\n\t\t    <!-- module text -->\n<div  class=\"module module-text tb_1w4t150    \">\n            <div  class=\"tb_text_wrap\">\n    <p style=\"text-align: right;\"><strong>2019<\/strong><\/p>    <\/div>\n<\/div>\n<!-- \/module text -->\n\t        <\/div>\n\t    \t<\/div>\n\t\t<div  class=\"module_column tb-column col3-1 middle tb_5447_column module_column_1 module_column_5447-2-1 tb_aiqo585\" style=\"width: 51.285%\">\n\t    \t    \t        <div class=\"tb-column-inner\">\n\t\t        <!-- module feature -->\n   <div  class=\"module module-feature tb_0484855 with-chart layout-icon-left size-small  \">\n        <style type=\"text\/css\">.tb_0484855 .chart-html5-inset {background-color: #91d1e6}<\/style>\n        \n        <div class=\"module-feature-image\">\n            \n            \n                <div class=\"module-feature-chart-html5\"\n                                     >\n                    <div class=\"chart-html5-circle\">\n                                                <div class=\"chart-html5-inset chart-html5-inset-icon\">\n\n                                                            <div class=\"module-feature-background\" style=\"background: #91d1e6\"><\/div>                                <i class=\"module-feature-icon fa fa-desktop\" style=\"color: #ffffff\"><\/i>                            \n                        <\/div>\n                    <\/div>\n                <\/div>\n\n                        <\/div>\n\n        <div class=\"module-feature-content\">\n\t\t\t                                        <h3 class=\"module-feature-title\">\n                                                                                            FORMADOR DE FOTOGRAFIA                                                                                    <\/h3>\n                                \t    <div class=\"tb_text_wrap\">\n\t\t<p><strong>ESCOLA PROFISSIONAL DE CORUCHE<\/strong><\/p><p>Professor destacado para lecionar a disciplina de Tecnologias de Fotografia e V\u00eddeo na Forma\u00e7\u00e3o Modular Certificada na Escola Profissional de Coruche.<br \/>Respons\u00e1vel pela escolha das melhores condi\u00e7\u00f5es criativas e t\u00e9cnicas para o trabalho a realizar, assim como transmitir conhecimento acerca do tratamento digital das imagens, arquivo dos ficheiros, luz, composi\u00e7\u00e3o fotogr\u00e1fica e an\u00e1lise e interpreta\u00e7\u00e3o de uma imagem.<\/p>\t    <\/div>\n\t<\/div>\n\n    <\/div>\n    <!-- \/module feature -->\n\t        <\/div>\n\t    \t<\/div>\n\t\t<div  class=\"module_column tb-column col3-1 last tb_5447_column module_column_2 module_column_5447-2-2 tb_0jc1555\" style=\"width: 11.1099%\">\n\t    \t    \t<\/div>\n\t\t    <\/div>\n\t    <!-- \/row_inner -->\n\t<\/div>\n\t<!-- \/module_row -->\n\t\t<!-- module_row -->\n\t<div  class=\"themify_builder_row module_row clearfix module_row_3 themify_builder_5447_row module_row_5447-3 tb_kat3005\">\n\t    \t    <div class=\"row_inner col_align_top\" >\n\t\t\t<div  class=\"module_column tb-column col3-1 first tb_5447_column module_column_0 module_column_5447-3-0 tb_nyd2000\">\n\t    \t    \t        <div class=\"tb-column-inner\">\n\t\t    <!-- module text -->\n<div  class=\"module module-text tb_ysz5050    \">\n            <div  class=\"tb_text_wrap\">\n    <p><strong>2018<\/strong><\/p>    <\/div>\n<\/div>\n<!-- \/module text -->\n\t        <\/div>\n\t    \t<\/div>\n\t\t<div  class=\"module_column tb-column col3-1 middle tb_5447_column module_column_1 module_column_5447-3-1 tb_gmbj610\" style=\"width: 51.285%\">\n\t    \t    \t        <div class=\"tb-column-inner\">\n\t\t        <!-- module feature -->\n   <div  class=\"module module-feature tb_gcro000 with-chart layout-icon-left size-small  \">\n        <style type=\"text\/css\">.tb_gcro000 .chart-html5-inset {background-color: #91d1e6}<\/style>\n        \n        <div class=\"module-feature-image\">\n            \n            \n                <div class=\"module-feature-chart-html5\"\n                                     >\n                    <div class=\"chart-html5-circle\">\n                                                <div class=\"chart-html5-inset chart-html5-inset-icon\">\n\n                                                            <div class=\"module-feature-background\" style=\"background: #91d1e6\"><\/div>                                <i class=\"module-feature-icon fa fa-desktop\" style=\"color: #ffffff\"><\/i>                            \n                        <\/div>\n                    <\/div>\n                <\/div>\n\n                        <\/div>\n\n        <div class=\"module-feature-content\">\n\t\t\t                                        <h3 class=\"module-feature-title\">\n                                                                                            FORMADOR DE FOTOGRAFIA                                                                                    <\/h3>\n                                \t    <div class=\"tb_text_wrap\">\n\t\t<p><strong>INSTITUTO SUPERIOR DE TECNOLOGIAS AVAN\u00c7ADAS<\/strong><\/p><p>Professor destacado para lecionar a disciplina de fotografia no curso t\u00e9cnico superior profissional de Desenvolvimento de Produtos Multim\u00e9dia.<br \/>Respons\u00e1vel pela escolha das melhores condi\u00e7\u00f5es criativas e t\u00e9cnicas para o trabalho a realizar, assim como transmitir conhecimento acerca do tratamento digital das imagens, arquivo dos ficheiros, luz, composi\u00e7\u00e3o fotogr\u00e1fica e an\u00e1lise e interpreta\u00e7\u00e3o de uma imagem.<\/p>\t    <\/div>\n\t<\/div>\n\n    <\/div>\n    <!-- \/module feature -->\n\t        <\/div>\n\t    \t<\/div>\n\t\t<div  class=\"module_column tb-column col3-1 last tb_5447_column module_column_2 module_column_5447-3-2 tb_kigl500\" style=\"width: 11.1099%\">\n\t    \t    \t<\/div>\n\t\t    <\/div>\n\t    <!-- \/row_inner -->\n\t<\/div>\n\t<!-- \/module_row -->\n\t\t<!-- module_row -->\n\t<div  class=\"themify_builder_row module_row clearfix module_row_4 themify_builder_5447_row module_row_5447-4 tb_r7uz758\">\n\t    \t    <div class=\"row_inner col_align_top\" >\n\t\t\t<div  class=\"module_column tb-column col3-1 first tb_5447_column module_column_0 module_column_5447-4-0 tb_6heq715\">\n\t    \t    \t        <div class=\"tb-column-inner\">\n\t\t    <!-- module text -->\n<div  class=\"module module-text tb_4hc0081    \">\n            <div  class=\"tb_text_wrap\">\n    <p><strong>2015-2016<\/strong><\/p>    <\/div>\n<\/div>\n<!-- \/module text -->\n\t        <\/div>\n\t    \t<\/div>\n\t\t<div  class=\"module_column tb-column col3-1 middle tb_5447_column module_column_1 module_column_5447-4-1 tb_cucv288\" style=\"width: 51.285%\">\n\t    \t    \t        <div class=\"tb-column-inner\">\n\t\t        <!-- module feature -->\n   <div  class=\"module module-feature tb_h73t811 with-chart layout-icon-left size-small  \">\n        <style type=\"text\/css\">.tb_h73t811 .chart-html5-inset {background-color: #91d1e6}<\/style>\n        \n        <div class=\"module-feature-image\">\n            \n            \n                <div class=\"module-feature-chart-html5\"\n                                     >\n                    <div class=\"chart-html5-circle\">\n                                                <div class=\"chart-html5-inset chart-html5-inset-icon\">\n\n                                                            <div class=\"module-feature-background\" style=\"background: #91d1e6\"><\/div>                                <i class=\"module-feature-icon fa fa-desktop\" style=\"color: #ffffff\"><\/i>                            \n                        <\/div>\n                    <\/div>\n                <\/div>\n\n                        <\/div>\n\n        <div class=\"module-feature-content\">\n\t\t\t                                        <h3 class=\"module-feature-title\">\n                                                                                            DESIGNER & COMMUNICATION MANAGER                                                                                    <\/h3>\n                                \t    <div class=\"tb_text_wrap\">\n\t\t<p><strong>LET\u00b4STALKGROUP &#8211; OIL &amp; GAS ACADEMY &#8211; HUMAN POWER<\/strong><\/p><p>Respons\u00e1vel pela \u00e1rea da comunica\u00e7\u00e3o de 3 empresas. Cria\u00e7\u00e3o de estrat\u00e9gias de comunica\u00e7\u00e3o para promo\u00e7\u00e3o de cursos de forma\u00e7\u00e3o, eventos internacionais de Oil &amp; Gas e de Human Capital. Cria\u00e7\u00e3o de cat\u00e1logos, brochuras, banners e outros suportes de comunica\u00e7\u00e3o. Cria\u00e7\u00e3o de newsletters semanais em HTML. Concep\u00e7\u00e3o e actualiza\u00e7\u00e3o de diferentes plataformas web. Realiza\u00e7\u00e3o de spots audiovisuais em motion graphics com recurso ao After Effects.<\/p>\t    <\/div>\n\t<\/div>\n\n    <\/div>\n    <!-- \/module feature -->\n\t        <\/div>\n\t    \t<\/div>\n\t\t<div  class=\"module_column tb-column col3-1 last tb_5447_column module_column_2 module_column_5447-4-2 tb_bv9h008\" style=\"width: 11.1099%\">\n\t    \t    \t<\/div>\n\t\t    <\/div>\n\t    <!-- \/row_inner -->\n\t<\/div>\n\t<!-- \/module_row -->\n\t\t<!-- module_row -->\n\t<div  class=\"themify_builder_row module_row clearfix module_row_5 themify_builder_5447_row module_row_5447-5 tb_dj9y590\">\n\t    \t    <div class=\"row_inner col_align_top\" >\n\t\t\t<div  class=\"module_column tb-column col3-1 first tb_5447_column module_column_0 module_column_5447-5-0 tb_zhmi852\">\n\t    \t    \t        <div class=\"tb-column-inner\">\n\t\t    <!-- module text -->\n<div  class=\"module module-text tb_ciap101    \">\n            <div  class=\"tb_text_wrap\">\n    <p><strong>2014-2015<\/strong><\/p>    <\/div>\n<\/div>\n<!-- \/module text -->\n\t        <\/div>\n\t    \t<\/div>\n\t\t<div  class=\"module_column tb-column col3-1 middle tb_5447_column module_column_1 module_column_5447-5-1 tb_7bc5500\" style=\"width: 51.285%\">\n\t    \t    \t        <div class=\"tb-column-inner\">\n\t\t        <!-- module feature -->\n   <div  class=\"module module-feature tb_4ehq012 with-chart layout-icon-left size-small  \">\n        <style type=\"text\/css\">.tb_4ehq012 .chart-html5-inset {background-color: #e6b345}<\/style>\n        \n        <div class=\"module-feature-image\">\n            \n            \n                <div class=\"module-feature-chart-html5\"\n                                     >\n                    <div class=\"chart-html5-circle\">\n                                                <div class=\"chart-html5-inset chart-html5-inset-icon\">\n\n                                                            <div class=\"module-feature-background\" style=\"background: #e6b345\"><\/div>                                <i class=\"module-feature-icon fa fa-desktop\" style=\"color: #ffffff\"><\/i>                            \n                        <\/div>\n                    <\/div>\n                <\/div>\n\n                        <\/div>\n\n        <div class=\"module-feature-content\">\n\t\t\t                                        <h3 class=\"module-feature-title\">\n                                                                                            DESIGNER MULTIM\u00c9DIA                                                                                    <\/h3>\n                                \t    <div class=\"tb_text_wrap\">\n\t\t<p><strong>C\u00c2MARA MUNICIPAL DE SALVATERRA DE MAGO<\/strong>S<\/p><p>Elabora\u00e7\u00e3o de estrat\u00e9gias de comunica\u00e7\u00e3o para divulga\u00e7\u00e3o de eventos. Cria\u00e7\u00e3o de cartazes, Flyers, Desdobr\u00e1veis, Mupis e Banners para diferentes eventos. Elabora\u00e7\u00e3o de spots audiovisuais para promo\u00e7\u00e3o dos mesmos. Realiza\u00e7\u00e3o de document\u00e1rios audiovisuais para exibi\u00e7\u00e3o em exposi\u00e7\u00f5es.<\/p>\t    <\/div>\n\t<\/div>\n\n    <\/div>\n    <!-- \/module feature -->\n\t        <\/div>\n\t    \t<\/div>\n\t\t<div  class=\"module_column tb-column col3-1 last tb_5447_column module_column_2 module_column_5447-5-2 tb_x1gh111\" style=\"width: 11.1099%\">\n\t    \t    \t<\/div>\n\t\t    <\/div>\n\t    <!-- \/row_inner -->\n\t<\/div>\n\t<!-- \/module_row -->\n\t\t<!-- module_row -->\n\t<div  class=\"themify_builder_row module_row clearfix module_row_6 themify_builder_5447_row module_row_5447-6 tb_mofx801\">\n\t    \t    <div class=\"row_inner col_align_top\" >\n\t\t\t<div  class=\"module_column tb-column col3-1 first tb_5447_column module_column_0 module_column_5447-6-0 tb_ffm3080\">\n\t    \t    \t        <div class=\"tb-column-inner\">\n\t\t    <!-- module text -->\n<div  class=\"module module-text tb_eqw6110    \">\n            <div  class=\"tb_text_wrap\">\n    <p><strong>2013-2014<\/strong><\/p>    <\/div>\n<\/div>\n<!-- \/module text -->\n\t        <\/div>\n\t    \t<\/div>\n\t\t<div  class=\"module_column tb-column col3-1 middle tb_5447_column module_column_1 module_column_5447-6-1 tb_8444110\" style=\"width: 51.285%\">\n\t    \t    \t        <div class=\"tb-column-inner\">\n\t\t        <!-- module feature -->\n   <div  class=\"module module-feature tb_flq0005 with-chart layout-icon-left size-small  \">\n        <style type=\"text\/css\">.tb_flq0005 .chart-html5-inset {background-color: #f0184a}<\/style>\n        \n        <div class=\"module-feature-image\">\n            \n            \n                <div class=\"module-feature-chart-html5\"\n                                     >\n                    <div class=\"chart-html5-circle\">\n                                                <div class=\"chart-html5-inset chart-html5-inset-icon\">\n\n                                                            <div class=\"module-feature-background\" style=\"background: #f0184a\"><\/div>                                <i class=\"module-feature-icon fa fa-desktop\" style=\"color: #ffffff\"><\/i>                            \n                        <\/div>\n                    <\/div>\n                <\/div>\n\n                        <\/div>\n\n        <div class=\"module-feature-content\">\n\t\t\t                                        <h3 class=\"module-feature-title\">\n                                                                                            DESIGNER MULTIM\u00c9DIA                                                                                    <\/h3>\n                                \t    <div class=\"tb_text_wrap\">\n\t\t<p><strong>IDEIA MAGENTA<\/strong><\/p><p>Concep\u00e7\u00e3o de identidades corporativas. Cria\u00e7\u00e3o de logos, estacion\u00e1rios e outdoors. Gest\u00e3o de marca e implementa\u00e7\u00e3o no mercado. Realiza\u00e7\u00e3o de videos promocionais e spots publicit\u00e1rios. Cria\u00e7\u00e3o de decora\u00e7\u00f5es em vinil em viaturas e stands. Personaliza\u00e7\u00e3o textil.<\/p>\t    <\/div>\n\t<\/div>\n\n    <\/div>\n    <!-- \/module feature -->\n\t        <\/div>\n\t    \t<\/div>\n\t\t<div  class=\"module_column tb-column col3-1 last tb_5447_column module_column_2 module_column_5447-6-2 tb_ybwg011\" style=\"width: 11.1099%\">\n\t    \t    \t<\/div>\n\t\t    <\/div>\n\t    <!-- \/row_inner -->\n\t<\/div>\n\t<!-- \/module_row -->\n\t\t<!-- module_row -->\n\t<div   class=\"themify_builder_row module_row clearfix module_row_7 themify_builder_5447_row module_row_5447-7 tb_lvuh115\">\n\t    \t    <div class=\"row_inner col_align_top\" >\n\t\t\t<div  class=\"module_column tb-column col3-1 first tb_5447_column module_column_0 module_column_5447-7-0 tb_3ozz035\">\n\t    \t    \t        <div class=\"tb-column-inner\">\n\t\t    <!-- module text -->\n<div  class=\"module module-text tb_h1aj010    \">\n            <div  class=\"tb_text_wrap\">\n    <p><strong>JUNHO 2012<\/strong><\/p>    <\/div>\n<\/div>\n<!-- \/module text -->\n\t        <\/div>\n\t    \t<\/div>\n\t\t<div  class=\"module_column tb-column col3-1 middle tb_5447_column module_column_1 module_column_5447-7-1 tb_bqpf121\" style=\"width: 51.285%\">\n\t    \t    \t        <div class=\"tb-column-inner\">\n\t\t        <!-- module feature -->\n   <div  class=\"module module-feature tb_u36s530 with-chart layout-icon-left size-small  \">\n        <style type=\"text\/css\">.tb_u36s530 .chart-html5-inset {background-color: #68d1b5}<\/style>\n        \n        <div class=\"module-feature-image\">\n            \n            \n                <div class=\"module-feature-chart-html5\"\n                                     >\n                    <div class=\"chart-html5-circle\">\n                                                <div class=\"chart-html5-inset chart-html5-inset-icon\">\n\n                                                            <div class=\"module-feature-background\" style=\"background: #68d1b5\"><\/div>                                <i class=\"module-feature-icon fa fa-graduation-cap\" style=\"color: #ffffff\"><\/i>                            \n                        <\/div>\n                    <\/div>\n                <\/div>\n\n                        <\/div>\n\n        <div class=\"module-feature-content\">\n\t\t\t                                        <h3 class=\"module-feature-title\">\n                                                                                            MESTRADO EM AUDIOVISUAL E MULTIM\u00c9DIA                                                                                    <\/h3>\n                                \t    <div class=\"tb_text_wrap\">\n\t\t<p><strong>ESCOLA SUPERIOR DE COMUNICA\u00c7\u00c3O SOCIAL DE LISBOA<\/strong><\/p>\t    <\/div>\n\t<\/div>\n\n    <\/div>\n    <!-- \/module feature -->\n\t        <\/div>\n\t    \t<\/div>\n\t\t<div  class=\"module_column tb-column col3-1 last tb_5447_column module_column_2 module_column_5447-7-2 tb_rjmj831\" style=\"width: 11.1099%\">\n\t    \t    \t<\/div>\n\t\t    <\/div>\n\t    <!-- \/row_inner -->\n\t<\/div>\n\t<!-- \/module_row -->\n\t\t<!-- module_row -->\n\t<div   class=\"themify_builder_row module_row clearfix module_row_8 themify_builder_5447_row module_row_5447-8 tb_0kw4507\">\n\t    \t    <div class=\"row_inner col_align_top\" >\n\t\t\t<div  class=\"module_column tb-column col3-1 first tb_5447_column module_column_0 module_column_5447-8-0 tb_w6d2051\">\n\t    \t    \t        <div class=\"tb-column-inner\">\n\t\t    <!-- module text -->\n<div  class=\"module module-text tb_t9ru838    \">\n            <div  class=\"tb_text_wrap\">\n    <p><strong>JULHO 2010<\/strong><\/p>    <\/div>\n<\/div>\n<!-- \/module text -->\n\t        <\/div>\n\t    \t<\/div>\n\t\t<div  class=\"module_column tb-column col3-1 middle tb_5447_column module_column_1 module_column_5447-8-1 tb_3np8010\" style=\"width: 51.285%\">\n\t    \t    \t        <div class=\"tb-column-inner\">\n\t\t        <!-- module feature -->\n   <div  class=\"module module-feature tb_vqmv101 with-chart layout-icon-left size-small  \">\n        <style type=\"text\/css\">.tb_vqmv101 .chart-html5-inset {background-color: #c6cc4b}<\/style>\n        \n        <div class=\"module-feature-image\">\n            \n            \n                <div class=\"module-feature-chart-html5\"\n                                     >\n                    <div class=\"chart-html5-circle\">\n                                                <div class=\"chart-html5-inset chart-html5-inset-icon\">\n\n                                                            <div class=\"module-feature-background\" style=\"background: #c6cc4b\"><\/div>                                <i class=\"module-feature-icon fa fa-graduation-cap\" style=\"color: #ffffff\"><\/i>                            \n                        <\/div>\n                    <\/div>\n                <\/div>\n\n                        <\/div>\n\n        <div class=\"module-feature-content\">\n\t\t\t                                        <h3 class=\"module-feature-title\">\n                                                                                            LICENCIATURA EM EDUCA\u00c7\u00c3O COMUNICA\u00c7\u00c3O MULTIM\u00c9DIA                                                                                    <\/h3>\n                                \t    <div class=\"tb_text_wrap\">\n\t\t<p><strong>ESCOLA SUPERIOR DE EDUCA\u00c7\u00c3O DE SANTAR\u00c9M<\/strong><\/p>\t    <\/div>\n\t<\/div>\n\n    <\/div>\n    <!-- \/module feature -->\n\t        <\/div>\n\t    \t<\/div>\n\t\t<div  class=\"module_column tb-column col3-1 last tb_5447_column module_column_2 module_column_5447-8-2 tb_9q11005\" style=\"width: 11.1099%\">\n\t    \t    \t<\/div>\n\t\t    <\/div>\n\t    <!-- \/row_inner -->\n\t<\/div>\n\t<!-- \/module_row -->\n\t\t<!-- module_row -->\n\t<div  class=\"themify_builder_row module_row clearfix module_row_9 themify_builder_5447_row module_row_5447-9 tb_ar89055\">\n\t    \t    <div class=\"row_inner col_align_top\" >\n\t\t\t<div  class=\"module_column tb-column col-full first tb_5447_column module_column_0 module_column_5447-9-0 tb_mya8184\">\n\t    \t    \t        <div class=\"tb-column-inner\">\n\t\t        <!-- module buttons -->\n    <div  class=\"module module-buttons tb_7ycn115 normal solid squared  \">\n\t        \t<div class=\"module-buttons\">\n                            <div class=\"module-buttons-item  buttons-horizontal\">\n\t\t    \t\t\t<a href=\"https:\/\/drive.google.com\/file\/d\/1VGHbjPGfSdYDNq7wav5EOpwVQ90GcWxI\/view?usp=sharing\" class=\"ui builder_button tb_default_color\" target=\"_blank\" rel=\"noopener\">\n\t\t    \t\t    \t\t\t<span>DOWNLOAD DE CV COMPLETO<\/span>\n\t\t    \t\t    \t\t\t<\/a>\n\t\t                    <\/div>\n                    <\/div>\n    <\/div>\n    <!-- \/module buttons -->\n\t        <\/div>\n\t    \t<\/div>\n\t\t    <\/div>\n\t    <!-- \/row_inner -->\n\t<\/div>\n\t<!-- \/module_row -->\n\t<\/div>\n\n","protected":false},"excerpt":{"rendered":"<p>BIO Nasci em Julho de 1984. Atualmente sou designer multim\u00e9dia em regime freelancing e baterista em v\u00e1rios projetos.Iniciei o percurso acad\u00e9mico em 2003, em Comunica\u00e7\u00e3o Social, mas no final do primeiro ano de curso apercebi-me que a minha aptid\u00e3o estava na multim\u00e9dia.Mudei de curso e licenciei-me em Educa\u00e7\u00e3o e Comunica\u00e7\u00e3o Multim\u00e9dia. Mais tarde ingressei no [&hellip;]<\/p>\n","protected":false},"author":1,"featured_media":0,"parent":0,"menu_order":0,"comment_status":"closed","ping_status":"closed","template":"","meta":{"footnotes":""},"class_list":["post-5447","page","type-page","status-publish","hentry","has-post-title","has-post-date","has-post-category","has-post-tag","has-post-comment","has-post-author",""],"yoast_head":"<!-- This site is optimized with the Yoast SEO plugin v24.0 - https:\/\/yoast.com\/wordpress\/plugins\/seo\/ -->\n<title>Perfil - Cl\u00e1udio Marques - Designer Multim\u00e9dia<\/title>\n<meta name=\"robots\" content=\"index, follow, max-snippet:-1, max-image-preview:large, max-video-preview:-1\" \/>\n<link rel=\"canonical\" href=\"http:\/\/creativebox.pt\/claudiomarques\/perfil\/\" \/>\n<meta property=\"og:locale\" content=\"pt_PT\" \/>\n<meta property=\"og:type\" content=\"article\" \/>\n<meta property=\"og:title\" content=\"Perfil - Cl\u00e1udio Marques - Designer Multim\u00e9dia\" \/>\n<meta property=\"og:description\" content=\"BIO Nasci em Julho de 1984. Atualmente sou designer multim\u00e9dia em regime freelancing e baterista em v\u00e1rios projetos.Iniciei o percurso acad\u00e9mico em 2003, em Comunica\u00e7\u00e3o Social, mas no final do primeiro ano de curso apercebi-me que a minha aptid\u00e3o estava na multim\u00e9dia.Mudei de curso e licenciei-me em Educa\u00e7\u00e3o e Comunica\u00e7\u00e3o Multim\u00e9dia. Mais tarde ingressei no [&hellip;]\" \/>\n<meta property=\"og:url\" content=\"http:\/\/creativebox.pt\/claudiomarques\/perfil\/\" \/>\n<meta property=\"og:site_name\" content=\"Cl\u00e1udio Marques - Designer Multim\u00e9dia\" \/>\n<meta property=\"article:modified_time\" content=\"2020-12-15T16:17:51+00:00\" \/>\n<meta property=\"og:image\" content=\"http:\/\/creativebox.pt\/claudiomarques\/wp-content\/uploads\/sites\/7\/2019\/01\/39869004_1932742423452328_3757725788451897344_o-1024x1024-200x200.jpg\" \/>\n<meta name=\"twitter:card\" content=\"summary_large_image\" \/>\n<meta name=\"twitter:label1\" content=\"Tempo estimado de leitura\" \/>\n\t<meta name=\"twitter:data1\" content=\"3 minutos\" \/>\n<script type=\"application\/ld+json\" class=\"yoast-schema-graph\">{\"@context\":\"https:\/\/schema.org\",\"@graph\":[{\"@type\":\"WebPage\",\"@id\":\"http:\/\/creativebox.pt\/claudiomarques\/perfil\/\",\"url\":\"http:\/\/creativebox.pt\/claudiomarques\/perfil\/\",\"name\":\"Perfil - Cl\u00e1udio Marques - Designer Multim\u00e9dia\",\"isPartOf\":{\"@id\":\"https:\/\/creativebox.pt\/claudiomarques\/#website\"},\"primaryImageOfPage\":{\"@id\":\"http:\/\/creativebox.pt\/claudiomarques\/perfil\/#primaryimage\"},\"image\":{\"@id\":\"http:\/\/creativebox.pt\/claudiomarques\/perfil\/#primaryimage\"},\"thumbnailUrl\":\"http:\/\/creativebox.pt\/claudiomarques\/wp-content\/uploads\/sites\/7\/2019\/01\/39869004_1932742423452328_3757725788451897344_o-1024x1024-200x200.jpg\",\"datePublished\":\"2017-06-21T22:52:06+00:00\",\"dateModified\":\"2020-12-15T16:17:51+00:00\",\"breadcrumb\":{\"@id\":\"http:\/\/creativebox.pt\/claudiomarques\/perfil\/#breadcrumb\"},\"inLanguage\":\"pt-PT\",\"potentialAction\":[{\"@type\":\"ReadAction\",\"target\":[\"http:\/\/creativebox.pt\/claudiomarques\/perfil\/\"]}]},{\"@type\":\"ImageObject\",\"inLanguage\":\"pt-PT\",\"@id\":\"http:\/\/creativebox.pt\/claudiomarques\/perfil\/#primaryimage\",\"url\":\"http:\/\/creativebox.pt\/claudiomarques\/wp-content\/uploads\/sites\/7\/2019\/01\/39869004_1932742423452328_3757725788451897344_o.jpg\",\"contentUrl\":\"http:\/\/creativebox.pt\/claudiomarques\/wp-content\/uploads\/sites\/7\/2019\/01\/39869004_1932742423452328_3757725788451897344_o.jpg\",\"width\":1127,\"height\":1127},{\"@type\":\"BreadcrumbList\",\"@id\":\"http:\/\/creativebox.pt\/claudiomarques\/perfil\/#breadcrumb\",\"itemListElement\":[{\"@type\":\"ListItem\",\"position\":1,\"name\":\"In\u00edcio\",\"item\":\"https:\/\/creativebox.pt\/claudiomarques\/\"},{\"@type\":\"ListItem\",\"position\":2,\"name\":\"Perfil\"}]},{\"@type\":\"WebSite\",\"@id\":\"https:\/\/creativebox.pt\/claudiomarques\/#website\",\"url\":\"https:\/\/creativebox.pt\/claudiomarques\/\",\"name\":\"Cl\u00e1udio Marques - Designer Multim\u00e9dia\",\"description\":\"Portf\u00f3lio de Cl\u00e1udio Marques\",\"potentialAction\":[{\"@type\":\"SearchAction\",\"target\":{\"@type\":\"EntryPoint\",\"urlTemplate\":\"https:\/\/creativebox.pt\/claudiomarques\/?s={search_term_string}\"},\"query-input\":{\"@type\":\"PropertyValueSpecification\",\"valueRequired\":true,\"valueName\":\"search_term_string\"}}],\"inLanguage\":\"pt-PT\"}]}<\/script>\n<!-- \/ Yoast SEO plugin. -->","yoast_head_json":{"title":"Perfil - Cl\u00e1udio Marques - Designer Multim\u00e9dia","robots":{"index":"index","follow":"follow","max-snippet":"max-snippet:-1","max-image-preview":"max-image-preview:large","max-video-preview":"max-video-preview:-1"},"canonical":"http:\/\/creativebox.pt\/claudiomarques\/perfil\/","og_locale":"pt_PT","og_type":"article","og_title":"Perfil - Cl\u00e1udio Marques - Designer Multim\u00e9dia","og_description":"BIO Nasci em Julho de 1984. Atualmente sou designer multim\u00e9dia em regime freelancing e baterista em v\u00e1rios projetos.Iniciei o percurso acad\u00e9mico em 2003, em Comunica\u00e7\u00e3o Social, mas no final do primeiro ano de curso apercebi-me que a minha aptid\u00e3o estava na multim\u00e9dia.Mudei de curso e licenciei-me em Educa\u00e7\u00e3o e Comunica\u00e7\u00e3o Multim\u00e9dia. Mais tarde ingressei no [&hellip;]","og_url":"http:\/\/creativebox.pt\/claudiomarques\/perfil\/","og_site_name":"Cl\u00e1udio Marques - Designer Multim\u00e9dia","article_modified_time":"2020-12-15T16:17:51+00:00","og_image":[{"url":"http:\/\/creativebox.pt\/claudiomarques\/wp-content\/uploads\/sites\/7\/2019\/01\/39869004_1932742423452328_3757725788451897344_o-1024x1024-200x200.jpg","type":"","width":"","height":""}],"twitter_card":"summary_large_image","twitter_misc":{"Tempo estimado de leitura":"3 minutos"},"schema":{"@context":"https:\/\/schema.org","@graph":[{"@type":"WebPage","@id":"http:\/\/creativebox.pt\/claudiomarques\/perfil\/","url":"http:\/\/creativebox.pt\/claudiomarques\/perfil\/","name":"Perfil - Cl\u00e1udio Marques - Designer Multim\u00e9dia","isPartOf":{"@id":"https:\/\/creativebox.pt\/claudiomarques\/#website"},"primaryImageOfPage":{"@id":"http:\/\/creativebox.pt\/claudiomarques\/perfil\/#primaryimage"},"image":{"@id":"http:\/\/creativebox.pt\/claudiomarques\/perfil\/#primaryimage"},"thumbnailUrl":"http:\/\/creativebox.pt\/claudiomarques\/wp-content\/uploads\/sites\/7\/2019\/01\/39869004_1932742423452328_3757725788451897344_o-1024x1024-200x200.jpg","datePublished":"2017-06-21T22:52:06+00:00","dateModified":"2020-12-15T16:17:51+00:00","breadcrumb":{"@id":"http:\/\/creativebox.pt\/claudiomarques\/perfil\/#breadcrumb"},"inLanguage":"pt-PT","potentialAction":[{"@type":"ReadAction","target":["http:\/\/creativebox.pt\/claudiomarques\/perfil\/"]}]},{"@type":"ImageObject","inLanguage":"pt-PT","@id":"http:\/\/creativebox.pt\/claudiomarques\/perfil\/#primaryimage","url":"http:\/\/creativebox.pt\/claudiomarques\/wp-content\/uploads\/sites\/7\/2019\/01\/39869004_1932742423452328_3757725788451897344_o.jpg","contentUrl":"http:\/\/creativebox.pt\/claudiomarques\/wp-content\/uploads\/sites\/7\/2019\/01\/39869004_1932742423452328_3757725788451897344_o.jpg","width":1127,"height":1127},{"@type":"BreadcrumbList","@id":"http:\/\/creativebox.pt\/claudiomarques\/perfil\/#breadcrumb","itemListElement":[{"@type":"ListItem","position":1,"name":"In\u00edcio","item":"https:\/\/creativebox.pt\/claudiomarques\/"},{"@type":"ListItem","position":2,"name":"Perfil"}]},{"@type":"WebSite","@id":"https:\/\/creativebox.pt\/claudiomarques\/#website","url":"https:\/\/creativebox.pt\/claudiomarques\/","name":"Cl\u00e1udio Marques - Designer Multim\u00e9dia","description":"Portf\u00f3lio de Cl\u00e1udio Marques","potentialAction":[{"@type":"SearchAction","target":{"@type":"EntryPoint","urlTemplate":"https:\/\/creativebox.pt\/claudiomarques\/?s={search_term_string}"},"query-input":{"@type":"PropertyValueSpecification","valueRequired":true,"valueName":"search_term_string"}}],"inLanguage":"pt-PT"}]}},"builder_content":"<img decoding=\"async\" src=\"http:\/\/creativebox.pt\/claudiomarques\/wp-content\/uploads\/sites\/7\/2019\/01\/39869004_1932742423452328_3757725788451897344_o-1024x1024-200x200.jpg\" width=\"200\" alt=\"\" srcset=\"http:\/\/creativebox.pt\/claudiomarques\/wp-content\/uploads\/sites\/7\/2019\/01\/39869004_1932742423452328_3757725788451897344_o-1024x1024-200x200.jpg 200w, http:\/\/creativebox.pt\/claudiomarques\/wp-content\/uploads\/sites\/7\/2019\/01\/39869004_1932742423452328_3757725788451897344_o-150x150.jpg 150w, http:\/\/creativebox.pt\/claudiomarques\/wp-content\/uploads\/sites\/7\/2019\/01\/39869004_1932742423452328_3757725788451897344_o-300x300.jpg 300w, http:\/\/creativebox.pt\/claudiomarques\/wp-content\/uploads\/sites\/7\/2019\/01\/39869004_1932742423452328_3757725788451897344_o-768x768.jpg 768w, http:\/\/creativebox.pt\/claudiomarques\/wp-content\/uploads\/sites\/7\/2019\/01\/39869004_1932742423452328_3757725788451897344_o-1024x1024.jpg 1024w, http:\/\/creativebox.pt\/claudiomarques\/wp-content\/uploads\/sites\/7\/2019\/01\/39869004_1932742423452328_3757725788451897344_o.jpg 1127w\" sizes=\"(max-width: 200px) 100vw, 200px\" \/>\n<p><strong>BIO<\/strong><\/p><p>Nasci em Julho de 1984. Atualmente sou designer multim\u00e9dia em regime freelancing e baterista em v\u00e1rios projetos.<br \/>Iniciei o percurso acad\u00e9mico em 2003, em Comunica\u00e7\u00e3o Social, mas no final do primeiro ano de curso apercebi-me que a minha aptid\u00e3o estava na multim\u00e9dia.<br \/>Mudei de curso e licenciei-me em Educa\u00e7\u00e3o e Comunica\u00e7\u00e3o Multim\u00e9dia. Mais tarde ingressei no mestrado em Audiovisual &amp; Multim\u00e9dia, ministrado na ESCS.<br \/>O meu percurso profissional levou-me a passar em diferentes ambientes, conhecendo profissionais e trazendo na bagagem um sem fim de experi\u00eancia e conhecimento.<br \/>Ao longo do tempo a m\u00fasica sempre me acompanhou e os palcos foram a minha liberta\u00e7\u00e3o.<br \/>De 2016 at\u00e9 ao presente, decidi trabalhar como freelancer na \u00e1rea do v\u00eddeo, design, fotografia, forma\u00e7\u00e3o e m\u00fasica.<\/p><p style=\"text-align: center;\"><em>\"Eu n\u00e3o falhei. S\u00f3 descobri 10 mil caminhos que n\u00e3o eram o\u00a0certo\"<br \/><strong>Thomas Edison<\/strong><\/em><\/p>\n\n<p style=\"text-align: right;\"><strong>2020<\/strong><\/p>\n<h3> FORMADOR DE FOTOGRAFIA <\/h3> <p><strong>ESCOLA PROFISSIONAL DO VALE DO TEJO<\/strong><\/p> <p>Professor destacado para lecionar a disciplina de C\u00e2mara Fotogr\u00e1fica\/Fotografia com Equipamento Digital na Forma\u00e7\u00e3o Modular Certificada na Escola Profissional Vale do Tejo.<br \/>Respons\u00e1vel pela escolha das melhores condi\u00e7\u00f5es criativas e t\u00e9cnicas para o trabalho a realizar, assim como transmitir conhecimento acerca do tratamento digital das imagens, arquivo dos ficheiros, luz, composi\u00e7\u00e3o fotogr\u00e1fica e an\u00e1lise e interpreta\u00e7\u00e3o de uma imagem.<\/p>\n<p style=\"text-align: right;\"><strong>2019<\/strong><\/p>\n<h3> FORMADOR DE FOTOGRAFIA <\/h3> <p><strong>ESCOLA PROFISSIONAL DE CORUCHE<\/strong><\/p><p>Professor destacado para lecionar a disciplina de Tecnologias de Fotografia e V\u00eddeo na Forma\u00e7\u00e3o Modular Certificada na Escola Profissional de Coruche.<br \/>Respons\u00e1vel pela escolha das melhores condi\u00e7\u00f5es criativas e t\u00e9cnicas para o trabalho a realizar, assim como transmitir conhecimento acerca do tratamento digital das imagens, arquivo dos ficheiros, luz, composi\u00e7\u00e3o fotogr\u00e1fica e an\u00e1lise e interpreta\u00e7\u00e3o de uma imagem.<\/p>\n<p><strong>2018<\/strong><\/p>\n<h3> FORMADOR DE FOTOGRAFIA <\/h3> <p><strong>INSTITUTO SUPERIOR DE TECNOLOGIAS AVAN\u00c7ADAS<\/strong><\/p><p>Professor destacado para lecionar a disciplina de fotografia no curso t\u00e9cnico superior profissional de Desenvolvimento de Produtos Multim\u00e9dia.<br \/>Respons\u00e1vel pela escolha das melhores condi\u00e7\u00f5es criativas e t\u00e9cnicas para o trabalho a realizar, assim como transmitir conhecimento acerca do tratamento digital das imagens, arquivo dos ficheiros, luz, composi\u00e7\u00e3o fotogr\u00e1fica e an\u00e1lise e interpreta\u00e7\u00e3o de uma imagem.<\/p>\n<p><strong>2015-2016<\/strong><\/p>\n<h3> DESIGNER & COMMUNICATION MANAGER <\/h3> <p><strong>LET\u00b4STALKGROUP - OIL &amp; GAS ACADEMY - HUMAN POWER<\/strong><\/p><p>Respons\u00e1vel pela \u00e1rea da comunica\u00e7\u00e3o de 3 empresas. Cria\u00e7\u00e3o de estrat\u00e9gias de comunica\u00e7\u00e3o para promo\u00e7\u00e3o de cursos de forma\u00e7\u00e3o, eventos internacionais de Oil &amp; Gas e de Human Capital. Cria\u00e7\u00e3o de cat\u00e1logos, brochuras, banners e outros suportes de comunica\u00e7\u00e3o. Cria\u00e7\u00e3o de newsletters semanais em HTML. Concep\u00e7\u00e3o e actualiza\u00e7\u00e3o de diferentes plataformas web. Realiza\u00e7\u00e3o de spots audiovisuais em motion graphics com recurso ao After Effects.<\/p>\n<p><strong>2014-2015<\/strong><\/p>\n<h3> DESIGNER MULTIM\u00c9DIA <\/h3> <p><strong>C\u00c2MARA MUNICIPAL DE SALVATERRA DE MAGO<\/strong>S<\/p><p>Elabora\u00e7\u00e3o de estrat\u00e9gias de comunica\u00e7\u00e3o para divulga\u00e7\u00e3o de eventos. Cria\u00e7\u00e3o de cartazes, Flyers, Desdobr\u00e1veis, Mupis e Banners para diferentes eventos. Elabora\u00e7\u00e3o de spots audiovisuais para promo\u00e7\u00e3o dos mesmos. Realiza\u00e7\u00e3o de document\u00e1rios audiovisuais para exibi\u00e7\u00e3o em exposi\u00e7\u00f5es.<\/p>\n<p><strong>2013-2014<\/strong><\/p>\n<h3> DESIGNER MULTIM\u00c9DIA <\/h3> <p><strong>IDEIA MAGENTA<\/strong><\/p><p>Concep\u00e7\u00e3o de identidades corporativas. Cria\u00e7\u00e3o de logos, estacion\u00e1rios e outdoors. Gest\u00e3o de marca e implementa\u00e7\u00e3o no mercado. Realiza\u00e7\u00e3o de videos promocionais e spots publicit\u00e1rios. Cria\u00e7\u00e3o de decora\u00e7\u00f5es em vinil em viaturas e stands. Personaliza\u00e7\u00e3o textil.<\/p>\n<p><strong>JUNHO 2012<\/strong><\/p>\n<h3> MESTRADO EM AUDIOVISUAL E MULTIM\u00c9DIA <\/h3> <p><strong>ESCOLA SUPERIOR DE COMUNICA\u00c7\u00c3O SOCIAL DE LISBOA<\/strong><\/p>\n<p><strong>JULHO 2010<\/strong><\/p>\n<h3> LICENCIATURA EM EDUCA\u00c7\u00c3O COMUNICA\u00c7\u00c3O MULTIM\u00c9DIA <\/h3> <p><strong>ESCOLA SUPERIOR DE EDUCA\u00c7\u00c3O DE SANTAR\u00c9M<\/strong><\/p>\n<a href=\"https:\/\/drive.google.com\/file\/d\/1VGHbjPGfSdYDNq7wav5EOpwVQ90GcWxI\/view?usp=sharing\" target=\"_blank\" rel=\"noopener\"> DOWNLOAD DE CV COMPLETO <\/a>","_links":{"self":[{"href":"http:\/\/creativebox.pt\/claudiomarques\/wp-json\/wp\/v2\/pages\/5447","targetHints":{"allow":["GET"]}}],"collection":[{"href":"http:\/\/creativebox.pt\/claudiomarques\/wp-json\/wp\/v2\/pages"}],"about":[{"href":"http:\/\/creativebox.pt\/claudiomarques\/wp-json\/wp\/v2\/types\/page"}],"author":[{"embeddable":true,"href":"http:\/\/creativebox.pt\/claudiomarques\/wp-json\/wp\/v2\/users\/1"}],"replies":[{"embeddable":true,"href":"http:\/\/creativebox.pt\/claudiomarques\/wp-json\/wp\/v2\/comments?post=5447"}],"version-history":[{"count":47,"href":"http:\/\/creativebox.pt\/claudiomarques\/wp-json\/wp\/v2\/pages\/5447\/revisions"}],"predecessor-version":[{"id":5961,"href":"http:\/\/creativebox.pt\/claudiomarques\/wp-json\/wp\/v2\/pages\/5447\/revisions\/5961"}],"wp:attachment":[{"href":"http:\/\/creativebox.pt\/claudiomarques\/wp-json\/wp\/v2\/media?parent=5447"}],"curies":[{"name":"wp","href":"https:\/\/api.w.org\/{rel}","templated":true}]}}